{"id":3534,"date":"2022-12-09T12:53:57","date_gmt":"2022-12-09T11:53:57","guid":{"rendered":"http:\/\/www.oagvm.sk\/wphu\/?page_id=3534"},"modified":"2025-04-03T00:01:01","modified_gmt":"2025-04-02T22:01:01","slug":"edinburgh-2021-2022-2","status":"publish","type":"page","link":"http:\/\/www.oagvm.sk\/wphu\/?page_id=3534","title":{"rendered":"Edinburgh &#8211; 2021\/2022"},"content":{"rendered":"<h3><a href=\"http:\/\/www.oagvm.sk\/wphu\/?page_id=2275\"><img loading=\"lazy\" decoding=\"async\" class=\"alignnone size-full wp-image-2290\" src=\"http:\/\/www.oagvm.sk\/wphu\/wp-content\/uploads\/2021\/08\/bevezetes.png\" alt=\"\" width=\"98\" height=\"31\"><\/a><\/h3>\n<h3> <a href=\"http:\/\/www.oagvm.sk\/wphu\/?page_id=6007\"> <img loading=\"lazy\" decoding=\"async\" class=\"alignnone wp-image-5990 size-full\" title=\"http:\/\/www.oagvm.sk\/wphu\/?page_id=6007\" src=\"http:\/\/www.oagvm.sk\/wphu\/wp-content\/uploads\/2025\/04\/24-25.png\" alt=\"\" width=\"136\" height=\"31\"><\/a> <a href=\"http:\/\/www.oagvm.sk\/wphu\/?page_id=5867\"><img loading=\"lazy\" decoding=\"async\" class=\"alignnone wp-image-5863 size-full\" src=\"http:\/\/www.oagvm.sk\/wphu\/wp-content\/uploads\/2024\/10\/23-24-1.png\" alt=\"\" width=\"136\" height=\"31\"><\/a> <a href=\"http:\/\/www.oagvm.sk\/wphu\/?page_id=3582\"><img loading=\"lazy\" decoding=\"async\" class=\"alignnone wp-image-5864 size-full\" src=\"http:\/\/www.oagvm.sk\/wphu\/wp-content\/uploads\/2024\/10\/22-23-1.png\" alt=\"\" width=\"136\" height=\"31\"><\/a>&nbsp;<\/h3>\n<h3><a href=\"http:\/\/www.oagvm.sk\/wphu\/?page_id=3534\"><img loading=\"lazy\" decoding=\"async\" class=\"alignnone size-full wp-image-3515\" src=\"http:\/\/www.oagvm.sk\/wphu\/wp-content\/uploads\/2022\/11\/21-22-1.png\" alt=\"\" width=\"136\" height=\"31\"><\/a> <a href=\"http:\/\/www.oagvm.sk\/wphu\/?page_id=2293\"><img loading=\"lazy\" decoding=\"async\" class=\"alignnone size-full wp-image-2299\" src=\"http:\/\/www.oagvm.sk\/wphu\/wp-content\/uploads\/2021\/08\/20-21.png\" alt=\"\" width=\"136\" height=\"31\"><\/a> <a href=\"http:\/\/www.oagvm.sk\/wphu\/?page_id=2547\"><img loading=\"lazy\" decoding=\"async\" class=\"alignnone size-full wp-image-2298\" src=\"http:\/\/www.oagvm.sk\/wphu\/wp-content\/uploads\/2021\/08\/19-20.png\" alt=\"\" width=\"136\" height=\"31\"><\/a> <a href=\"http:\/\/www.oagvm.sk\/wphu\/?page_id=3534\"><img loading=\"lazy\" decoding=\"async\" class=\"alignnone size-full wp-image-2297\" src=\"http:\/\/www.oagvm.sk\/wphu\/wp-content\/uploads\/2021\/08\/18-19.png\" alt=\"\" width=\"136\" height=\"31\"><\/a><\/h3>\n<h3 style=\"text-align: justify;\"><strong>2021 szeptember<\/strong><\/h3>\n<h3 style=\"text-align: justify;\"><strong><span style=\"font-size: 18pt;\">Toborz\u00e1s az \u00faj tan\u00e9vben <\/span><\/strong><\/h3>\n<h3 style=\"text-align: justify;\">Minden tan\u00e9v elej\u00e9n r\u00e9szletesen ismertetj\u00fck di\u00e1kjainkkal \u2013 k\u00fcl\u00f6n\u00f6sen az 1. \u00e9vfolyam tanul\u00f3ival \u2013 az Edinburgh Hercege Nemzetk\u00f6zi D\u00edj programot, melynek keret\u00e9n bel\u00fcl a r\u00e9sztvev\u0151k kedvenc tev\u00e9kenys\u00e9geikkel foglalkozhatnak szabadidej\u00fckben, fejlesztve k\u00e9pess\u00e9geiket \u00e9s kitart\u00e1sukat. A programba bekapcsol\u00f3d\u00f3 di\u00e1kok szorgalmuk\u00e9rt egy vil\u00e1gszerte elismert d\u00edjat kapnak, amelyre egyetemek, f\u0151iskol\u00e1k \u00e9s nagy c\u00e9gek egyar\u00e1nt odafigyelnek. Id\u00e9n n\u00e9gy els\u0151s di\u00e1kunk szeretn\u00e9 a DofE bronz szintj\u00e9t teljes\u00edteni, So\u00f3ky Bogl\u00e1rka, a II.C oszt\u00e1ly tanul\u00f3ja pedig m\u00e1r az ez\u00fcst szint kih\u00edv\u00e1saival k\u00edv\u00e1n szemben\u00e9zni.<\/h3>\n<h3 style=\"text-align: justify;\"><strong>2021 okt\u00f3ber<\/strong><\/h3>\n<h3 style=\"text-align: justify;\"><strong><span style=\"font-size: 18pt;\">DofE d\u00edj\u00e1tad\u00e1s Nagyszombatban<\/span><\/strong><\/h3>\n<h3 style=\"text-align: justify;\">Az idei tan\u00e9vben a j\u00e1rv\u00e1ny\u00fcgyi helyzet miatt sajnos nem val\u00f3sulhatott meg a DofE megszokott d\u00edj\u00e1tad\u00f3 \u00fcnneps\u00e9ge, \u00edgy a pozsonyi nagyszab\u00e1s\u00fa k\u00f6z\u00f6s cerem\u00f3nia elmaradt. Helyette Nagyszombatban ker\u00fclt sor a d\u00edj\u00e1tad\u00e1sra 2021. okt\u00f3ber 11-\u00e9n. A megel\u0151z\u0151 int\u00e9zked\u00e9sek miatt a programban \u00e9rintett iskol\u00e1k mindegyike k\u00fcl\u00f6n id\u0151pontot kapott a d\u00edjak \u00e1tv\u00e9tel\u00e9re. Mi is teh\u00e1t \u00fatra kelt\u00fcnk, hogy k\u00e9t di\u00e1kunk, So\u00f3ky Bogl\u00e1rka \u00e9s T\u00f3th J\u00falia Anna \u00e1tvehesse a bronz, illetve ez\u00fcst szint teljes\u00edt\u00e9s\u00e9\u00e9rt j\u00e1r\u00f3 \u00e9rmet \u00e9s tan\u00fas\u00edtv\u00e1nyt.<\/h3>\n<h3 style=\"text-align: justify;\"><a href=\"http:\/\/www.oagvm.sk\/wphirfolyam\/?p=4179\">http:\/\/www.oagvm.sk\/wphirfolyam\/?p=4179<\/a><\/h3>\n<div id=\"metaslider-id-3507\" style=\"max-width: 800px; margin: 0 auto;\" class=\"ml-slider-3-50-0 metaslider metaslider-flex metaslider-3507 ml-slider ms-theme-default nav-hidden\" role=\"region\" aria-roledescription=\"Slideshow\" aria-label=\"edinburg-21-okt\">\n    <div id=\"metaslider_container_3507\">\n        <div id=\"metaslider_3507\" class=\"flexslider\">\n            <ul aria-live=\"polite\" class=\"slides\">\n                <li style=\"display: block; width: 100%;\" class=\"slide-3547 ms-image\" aria-roledescription=\"slide\" aria-label=\"slide-3547\"><img loading=\"lazy\" decoding=\"async\" width=\"484\" height=\"800\" src=\"http:\/\/www.oagvm.sk\/wphu\/wp-content\/uploads\/2022\/12\/edingurgh_dijatadas-01.jpg\" class=\"slider-3507 slide-3547\" alt=\"\" rel=\"\" title=\"edingurgh_dijatadas-01\" srcset=\"http:\/\/www.oagvm.sk\/wphu\/wp-content\/uploads\/2022\/12\/edingurgh_dijatadas-01.jpg 484w, http:\/\/www.oagvm.sk\/wphu\/wp-content\/uploads\/2022\/12\/edingurgh_dijatadas-01-182x300.jpg 182w\" sizes=\"(max-width: 484px) 100vw, 484px\" \/><\/li>\n                <li style=\"display: none; width: 100%;\" class=\"slide-3548 ms-image\" aria-roledescription=\"slide\" aria-label=\"slide-3548\"><img loading=\"lazy\" decoding=\"async\" width=\"537\" height=\"800\" src=\"http:\/\/www.oagvm.sk\/wphu\/wp-content\/uploads\/2022\/12\/edingurgh_dijatadas-02.jpg\" class=\"slider-3507 slide-3548\" alt=\"\" rel=\"\" title=\"edingurgh_dijatadas-02\" srcset=\"http:\/\/www.oagvm.sk\/wphu\/wp-content\/uploads\/2022\/12\/edingurgh_dijatadas-02.jpg 537w, http:\/\/www.oagvm.sk\/wphu\/wp-content\/uploads\/2022\/12\/edingurgh_dijatadas-02-201x300.jpg 201w\" sizes=\"(max-width: 537px) 100vw, 537px\" \/><\/li>\n                <li style=\"display: none; width: 100%;\" class=\"slide-3549 ms-image\" aria-roledescription=\"slide\" aria-label=\"slide-3549\"><img loading=\"lazy\" decoding=\"async\" width=\"800\" height=\"600\" src=\"http:\/\/www.oagvm.sk\/wphu\/wp-content\/uploads\/2022\/12\/edingurgh_dijatadas-03.jpg\" class=\"slider-3507 slide-3549\" alt=\"\" rel=\"\" title=\"edingurgh_dijatadas-03\" srcset=\"http:\/\/www.oagvm.sk\/wphu\/wp-content\/uploads\/2022\/12\/edingurgh_dijatadas-03.jpg 800w, http:\/\/www.oagvm.sk\/wphu\/wp-content\/uploads\/2022\/12\/edingurgh_dijatadas-03-300x225.jpg 300w, http:\/\/www.oagvm.sk\/wphu\/wp-content\/uploads\/2022\/12\/edingurgh_dijatadas-03-768x576.jpg 768w\" sizes=\"(max-width: 800px) 100vw, 800px\" \/><\/li>\n                <li style=\"display: none; width: 100%;\" class=\"slide-3550 ms-image\" aria-roledescription=\"slide\" aria-label=\"slide-3550\"><img loading=\"lazy\" decoding=\"async\" width=\"800\" height=\"579\" src=\"http:\/\/www.oagvm.sk\/wphu\/wp-content\/uploads\/2022\/12\/edingurgh_dijatadas-04.jpg\" class=\"slider-3507 slide-3550\" alt=\"\" rel=\"\" title=\"edingurgh_dijatadas-04\" srcset=\"http:\/\/www.oagvm.sk\/wphu\/wp-content\/uploads\/2022\/12\/edingurgh_dijatadas-04.jpg 800w, http:\/\/www.oagvm.sk\/wphu\/wp-content\/uploads\/2022\/12\/edingurgh_dijatadas-04-300x217.jpg 300w, http:\/\/www.oagvm.sk\/wphu\/wp-content\/uploads\/2022\/12\/edingurgh_dijatadas-04-768x556.jpg 768w\" sizes=\"(max-width: 800px) 100vw, 800px\" \/><\/li>\n                <li style=\"display: none; width: 100%;\" class=\"slide-3551 ms-image\" aria-roledescription=\"slide\" aria-label=\"slide-3551\"><img loading=\"lazy\" decoding=\"async\" width=\"800\" height=\"600\" src=\"http:\/\/www.oagvm.sk\/wphu\/wp-content\/uploads\/2022\/12\/edingurgh_dijatadas-05.jpg\" class=\"slider-3507 slide-3551\" alt=\"\" rel=\"\" title=\"edingurgh_dijatadas-05\" srcset=\"http:\/\/www.oagvm.sk\/wphu\/wp-content\/uploads\/2022\/12\/edingurgh_dijatadas-05.jpg 800w, http:\/\/www.oagvm.sk\/wphu\/wp-content\/uploads\/2022\/12\/edingurgh_dijatadas-05-300x225.jpg 300w, http:\/\/www.oagvm.sk\/wphu\/wp-content\/uploads\/2022\/12\/edingurgh_dijatadas-05-768x576.jpg 768w\" sizes=\"(max-width: 800px) 100vw, 800px\" \/><\/li>\n                <li style=\"display: none; width: 100%;\" class=\"slide-3552 ms-image\" aria-roledescription=\"slide\" aria-label=\"slide-3552\"><img loading=\"lazy\" decoding=\"async\" width=\"800\" height=\"600\" src=\"http:\/\/www.oagvm.sk\/wphu\/wp-content\/uploads\/2022\/12\/edingurgh_dijatadas-06.jpg\" class=\"slider-3507 slide-3552\" alt=\"\" rel=\"\" title=\"edingurgh_dijatadas-06\" srcset=\"http:\/\/www.oagvm.sk\/wphu\/wp-content\/uploads\/2022\/12\/edingurgh_dijatadas-06.jpg 800w, http:\/\/www.oagvm.sk\/wphu\/wp-content\/uploads\/2022\/12\/edingurgh_dijatadas-06-300x225.jpg 300w, http:\/\/www.oagvm.sk\/wphu\/wp-content\/uploads\/2022\/12\/edingurgh_dijatadas-06-768x576.jpg 768w\" sizes=\"(max-width: 800px) 100vw, 800px\" \/><\/li>\n                <li style=\"display: none; width: 100%;\" class=\"slide-3553 ms-image\" aria-roledescription=\"slide\" aria-label=\"slide-3553\"><img loading=\"lazy\" decoding=\"async\" width=\"800\" height=\"600\" src=\"http:\/\/www.oagvm.sk\/wphu\/wp-content\/uploads\/2022\/12\/edingurgh_dijatadas-07.jpg\" class=\"slider-3507 slide-3553\" alt=\"\" rel=\"\" title=\"edingurgh_dijatadas-07\" srcset=\"http:\/\/www.oagvm.sk\/wphu\/wp-content\/uploads\/2022\/12\/edingurgh_dijatadas-07.jpg 800w, http:\/\/www.oagvm.sk\/wphu\/wp-content\/uploads\/2022\/12\/edingurgh_dijatadas-07-300x225.jpg 300w, http:\/\/www.oagvm.sk\/wphu\/wp-content\/uploads\/2022\/12\/edingurgh_dijatadas-07-768x576.jpg 768w\" sizes=\"(max-width: 800px) 100vw, 800px\" \/><\/li>\n            <\/ul>\n        <\/div>\n        \n    <\/div>\n<\/div>\n<h3>&nbsp;<\/h3>\n<h3 style=\"text-align: justify;\"><span style=\"font-size: 18pt;\"><strong>\u00dajabb DofE d\u00edjazottak a Nagymegyeri Kereskedelmi Akad\u00e9mi\u00e1n<\/strong><\/span><\/h3>\n<h3 style=\"text-align: justify;\">\u201e<em>Az attit\u0171d, az akarat, a szorgalom \u00e9s a kitart\u00e1s sz\u00fcli azokat a lehet\u0151s\u00e9geket, amelyek megv\u00e1ltoztathatj\u00e1k az \u00e9letedet<\/em>\u201d.<br \/>\n(Oravecz N\u00f3ra)<\/h3>\n<h3 style=\"text-align: justify;\">A fenti id\u00e9zet t\u00f6k\u00e9letesen egybecseng az Edinburgh Hercege Nemzetk\u00f6zi D\u00edj (DofE) elnevez\u00e9s\u0171 program k\u00fcldet\u00e9s\u00e9vel, amely \u00e9vtizedek \u00f3ta \u00fajabb \u00e9s \u00fajabb nemzed\u00e9keknek biztos\u00edt lehet\u0151s\u00e9get az \u00f6nmegval\u00f3s\u00edt\u00e1sra, kiteljesed\u00e9sre. A vil\u00e1gszerte ismert program arra sarkallja a fiatalokat, hogy k\u00fcl\u00f6nf\u00e9le ter\u00fcleteken c\u00e9lokat t\u0171zzenek maguk el\u00e9, s azok megval\u00f3s\u00edt\u00e1s\u00e1n munk\u00e1lkodva fejlessz\u00e9k k\u00e9pess\u00e9geiket, kitart\u00e1sukat.<br \/>\nAz \u00e1llhatatos munk\u00e1\u00e9rt term\u00e9szetesen kij\u00e1r az elismer\u00e9s. A 2020\/2021-es tan\u00e9vben a Nagymegyeri Kereskedelmi Akad\u00e9mia di\u00e1kjai k\u00f6z\u00fcl ketten \u2013 T\u00f3th J\u00falia Anna (IV.C) \u00e9s So\u00f3ky Bogl\u00e1rka (II.C) \u2013 lettek DofE d\u00edjazottak, akik okt\u00f3ber 11-\u00e9n Nagyszombatban vehett\u00e9k \u00e1t az ezt igazol\u00f3 tan\u00fas\u00edtv\u00e1nyt \u00e9s a vele j\u00e1r\u00f3 \u00e9rmet. T\u00f3th J\u00falia Anna 2020\/2021-es tan\u00e9vben m\u00e1r nem sz\u00e1m\u00edtott kezd\u0151nek, \u00edgy ez\u00fcst szinten folytatta a programot, So\u00f3ky Bogl\u00e1rka pedig a bronz szintet teljes\u00edtette. A sport ter\u00e9n mindketten a ker\u00e9kp\u00e1roz\u00e1sban jeleskedtek, a tehets\u00e9gfejleszt\u00e9s ter\u00fclet\u00e9n a horgol\u00e1s, illetve az olajfest\u00e9s k\u00fcl\u00f6nf\u00e9le technik\u00e1it saj\u00e1t\u00edtott\u00e1k el, \u00f6nk\u00e9ntes munka keret\u00e9ben pedig volt \u00f3vodai \u00e9s alapiskolai pedag\u00f3gusaiknak k\u00e9sz\u00edtettek seg\u00e9danyagokat a mindennapi foglalkoz\u00e1sokhoz. Ezen k\u00edv\u00fcl egy h\u00e1romnapos csoportos kalandt\u00far\u00e1n is r\u00e9szt vettek a Tribecs hegys\u00e9gben, amelynek sor\u00e1n k\u00f6z\u00e9pkori v\u00e1rromokat kerestek fel \u00e9s a term\u00e9szetben t\u00e1boroztak.<br \/>\nA sikerhez gratul\u00e1lunk, \u00e9s tov\u00e1bbi hasznos munk\u00e1t \u00e9s kitart\u00e1st k\u00edv\u00e1nunk!<\/h3>\n<h3 style=\"text-align: justify;\">K\u00f3sa Katalin, a program koordin\u00e1tora<\/h3>\n<h3 style=\"text-align: justify;\"><strong>2022 j\u00fanius<\/strong><\/h3>\n<h3 style=\"text-align: justify;\"><span style=\"font-size: 18pt;\"><strong>Kalandt\u00far\u00e1k a Bakonyban \u00e9s Pilisben<\/strong><\/span><\/h3>\n<h3 style=\"text-align: justify;\">Tanul\u00f3ink sz\u00e1m\u00e1ra a felv\u00e1llalt egy\u00e9ni c\u00e9lkit\u0171z\u00e9sek teljes\u00edt\u00e9se ut\u00e1n a program utols\u00f3 megm\u00e9rettet\u00e9se, a kalandt\u00fara k\u00f6vetkezett, amely k\u00e9t r\u00e9szb\u0151l \u00e1llt: egy felk\u00e9sz\u00edt\u0151 \u00e9s egy \u00e9les kalandt\u00far\u00e1b\u00f3l. A felk\u00e9sz\u00edt\u0151 bakonyi kalandt\u00far\u00e1ra 2022. j\u00fanius 14-15-\u00e9n ker\u00fclt sor, az \u00e9les kalandt\u00fara pedig a j\u00fanius 27-29-\u00e9n val\u00f3sult meg a Pilisben. A kalandt\u00far\u00e1k f\u0151 c\u00e9lja a r\u00e9sztvev\u0151k \u00e1ll\u00f3k\u00e9pess\u00e9g\u00e9nek er\u0151s\u00edt\u00e9se volt, emellett fontos szerepet j\u00e1tszott a terepen val\u00f3 t\u00e1j\u00e9koz\u00f3d\u00e1s elsaj\u00e1t\u00edt\u00e1sa, a t\u00e1boroz\u00e1s \u00e9s a term\u00e9szetben val\u00f3 \u00e9jszak\u00e1z\u00e1s, illetve az eml\u00edtett hegys\u00e9gek t\u00f6rt\u00e9nelmi nevezetess\u00e9geinek \u00e9s term\u00e9szeti k\u00e9pz\u0151dm\u00e9nyeinek megtekint\u00e9se.<\/h3>\n<h3 style=\"text-align: justify;\"><a href=\"http:\/\/www.oagvm.sk\/wphirfolyam\/?p=5989\">http:\/\/www.oagvm.sk\/wphirfolyam\/?p=5989<\/a><\/h3>\n<h3><div id=\"metaslider-id-3554\" style=\"max-width: 800px; margin: 0 auto;\" class=\"ml-slider-3-50-0 metaslider metaslider-flex metaslider-3554 ml-slider ms-theme-default nav-hidden nav-hidden\" role=\"region\" aria-roledescription=\"Slideshow\" aria-label=\"edinburgh-2022-jun\">\n    <div id=\"metaslider_container_3554\">\n        <div id=\"metaslider_3554\" class=\"flexslider\">\n            <ul aria-live=\"polite\" class=\"slides\">\n                <li style=\"display: block; width: 100%;\" class=\"slide-3565 ms-image\" aria-roledescription=\"slide\" aria-label=\"slide-3565\"><img loading=\"lazy\" decoding=\"async\" width=\"450\" height=\"800\" src=\"http:\/\/www.oagvm.sk\/wphu\/wp-content\/uploads\/2022\/12\/edinburgh-bakony-01.jpg\" class=\"slider-3554 slide-3565\" alt=\"\" rel=\"\" title=\"edinburgh-bakony-01\" srcset=\"http:\/\/www.oagvm.sk\/wphu\/wp-content\/uploads\/2022\/12\/edinburgh-bakony-01.jpg 450w, http:\/\/www.oagvm.sk\/wphu\/wp-content\/uploads\/2022\/12\/edinburgh-bakony-01-169x300.jpg 169w\" sizes=\"(max-width: 450px) 100vw, 450px\" \/><\/li>\n                <li style=\"display: none; width: 100%;\" class=\"slide-3566 ms-image\" aria-roledescription=\"slide\" aria-label=\"slide-3566\"><img loading=\"lazy\" decoding=\"async\" width=\"800\" height=\"600\" src=\"http:\/\/www.oagvm.sk\/wphu\/wp-content\/uploads\/2022\/12\/edinburgh-bakony-02.jpg\" class=\"slider-3554 slide-3566\" alt=\"\" rel=\"\" title=\"edinburgh-bakony-02\" srcset=\"http:\/\/www.oagvm.sk\/wphu\/wp-content\/uploads\/2022\/12\/edinburgh-bakony-02.jpg 800w, http:\/\/www.oagvm.sk\/wphu\/wp-content\/uploads\/2022\/12\/edinburgh-bakony-02-300x225.jpg 300w, http:\/\/www.oagvm.sk\/wphu\/wp-content\/uploads\/2022\/12\/edinburgh-bakony-02-768x576.jpg 768w\" sizes=\"(max-width: 800px) 100vw, 800px\" \/><\/li>\n                <li style=\"display: none; width: 100%;\" class=\"slide-3567 ms-image\" aria-roledescription=\"slide\" aria-label=\"slide-3567\"><img loading=\"lazy\" decoding=\"async\" width=\"800\" height=\"600\" src=\"http:\/\/www.oagvm.sk\/wphu\/wp-content\/uploads\/2022\/12\/edinburgh-bakony-03.jpg\" class=\"slider-3554 slide-3567\" alt=\"\" rel=\"\" title=\"edinburgh-bakony-03\" srcset=\"http:\/\/www.oagvm.sk\/wphu\/wp-content\/uploads\/2022\/12\/edinburgh-bakony-03.jpg 800w, http:\/\/www.oagvm.sk\/wphu\/wp-content\/uploads\/2022\/12\/edinburgh-bakony-03-300x225.jpg 300w, http:\/\/www.oagvm.sk\/wphu\/wp-content\/uploads\/2022\/12\/edinburgh-bakony-03-768x576.jpg 768w\" sizes=\"(max-width: 800px) 100vw, 800px\" \/><\/li>\n                <li style=\"display: none; width: 100%;\" class=\"slide-3568 ms-image\" aria-roledescription=\"slide\" aria-label=\"slide-3568\"><img loading=\"lazy\" decoding=\"async\" width=\"600\" height=\"800\" src=\"http:\/\/www.oagvm.sk\/wphu\/wp-content\/uploads\/2022\/12\/edinburgh-bakony-04.jpg\" class=\"slider-3554 slide-3568\" alt=\"\" rel=\"\" title=\"edinburgh-bakony-04\" srcset=\"http:\/\/www.oagvm.sk\/wphu\/wp-content\/uploads\/2022\/12\/edinburgh-bakony-04.jpg 600w, http:\/\/www.oagvm.sk\/wphu\/wp-content\/uploads\/2022\/12\/edinburgh-bakony-04-225x300.jpg 225w\" sizes=\"(max-width: 600px) 100vw, 600px\" \/><\/li>\n                <li style=\"display: none; width: 100%;\" class=\"slide-3569 ms-image\" aria-roledescription=\"slide\" aria-label=\"slide-3569\"><img loading=\"lazy\" decoding=\"async\" width=\"800\" height=\"600\" src=\"http:\/\/www.oagvm.sk\/wphu\/wp-content\/uploads\/2022\/12\/edinburgh-bakony-05.jpg\" class=\"slider-3554 slide-3569\" alt=\"\" rel=\"\" title=\"edinburgh-bakony-05\" srcset=\"http:\/\/www.oagvm.sk\/wphu\/wp-content\/uploads\/2022\/12\/edinburgh-bakony-05.jpg 800w, http:\/\/www.oagvm.sk\/wphu\/wp-content\/uploads\/2022\/12\/edinburgh-bakony-05-300x225.jpg 300w, http:\/\/www.oagvm.sk\/wphu\/wp-content\/uploads\/2022\/12\/edinburgh-bakony-05-768x576.jpg 768w\" sizes=\"(max-width: 800px) 100vw, 800px\" \/><\/li>\n                <li style=\"display: none; width: 100%;\" class=\"slide-3570 ms-image\" aria-roledescription=\"slide\" aria-label=\"slide-3570\"><img loading=\"lazy\" decoding=\"async\" width=\"800\" height=\"600\" src=\"http:\/\/www.oagvm.sk\/wphu\/wp-content\/uploads\/2022\/12\/edinburgh-bakony-06.jpg\" class=\"slider-3554 slide-3570\" alt=\"\" rel=\"\" title=\"edinburgh-bakony-06\" srcset=\"http:\/\/www.oagvm.sk\/wphu\/wp-content\/uploads\/2022\/12\/edinburgh-bakony-06.jpg 800w, http:\/\/www.oagvm.sk\/wphu\/wp-content\/uploads\/2022\/12\/edinburgh-bakony-06-300x225.jpg 300w, http:\/\/www.oagvm.sk\/wphu\/wp-content\/uploads\/2022\/12\/edinburgh-bakony-06-768x576.jpg 768w\" sizes=\"(max-width: 800px) 100vw, 800px\" \/><\/li>\n                <li style=\"display: none; width: 100%;\" class=\"slide-3571 ms-image\" aria-roledescription=\"slide\" aria-label=\"slide-3571\"><img loading=\"lazy\" decoding=\"async\" width=\"800\" height=\"600\" src=\"http:\/\/www.oagvm.sk\/wphu\/wp-content\/uploads\/2022\/12\/edinburgh-bakony-07.jpg\" class=\"slider-3554 slide-3571\" alt=\"\" rel=\"\" title=\"edinburgh-bakony-07\" srcset=\"http:\/\/www.oagvm.sk\/wphu\/wp-content\/uploads\/2022\/12\/edinburgh-bakony-07.jpg 800w, http:\/\/www.oagvm.sk\/wphu\/wp-content\/uploads\/2022\/12\/edinburgh-bakony-07-300x225.jpg 300w, http:\/\/www.oagvm.sk\/wphu\/wp-content\/uploads\/2022\/12\/edinburgh-bakony-07-768x576.jpg 768w\" sizes=\"(max-width: 800px) 100vw, 800px\" \/><\/li>\n                <li style=\"display: none; width: 100%;\" class=\"slide-3572 ms-image\" aria-roledescription=\"slide\" aria-label=\"slide-3572\"><img loading=\"lazy\" decoding=\"async\" width=\"800\" height=\"600\" src=\"http:\/\/www.oagvm.sk\/wphu\/wp-content\/uploads\/2022\/12\/edinburgh-bakony-08.jpg\" class=\"slider-3554 slide-3572\" alt=\"\" rel=\"\" title=\"edinburgh-bakony-08\" srcset=\"http:\/\/www.oagvm.sk\/wphu\/wp-content\/uploads\/2022\/12\/edinburgh-bakony-08.jpg 800w, http:\/\/www.oagvm.sk\/wphu\/wp-content\/uploads\/2022\/12\/edinburgh-bakony-08-300x225.jpg 300w, http:\/\/www.oagvm.sk\/wphu\/wp-content\/uploads\/2022\/12\/edinburgh-bakony-08-768x576.jpg 768w\" sizes=\"(max-width: 800px) 100vw, 800px\" \/><\/li>\n                <li style=\"display: none; width: 100%;\" class=\"slide-3573 ms-image\" aria-roledescription=\"slide\" aria-label=\"slide-3573\"><img loading=\"lazy\" decoding=\"async\" width=\"800\" height=\"600\" src=\"http:\/\/www.oagvm.sk\/wphu\/wp-content\/uploads\/2022\/12\/edinburgh-bakony-09.jpg\" class=\"slider-3554 slide-3573\" alt=\"\" rel=\"\" title=\"edinburgh-bakony-09\" srcset=\"http:\/\/www.oagvm.sk\/wphu\/wp-content\/uploads\/2022\/12\/edinburgh-bakony-09.jpg 800w, http:\/\/www.oagvm.sk\/wphu\/wp-content\/uploads\/2022\/12\/edinburgh-bakony-09-300x225.jpg 300w, http:\/\/www.oagvm.sk\/wphu\/wp-content\/uploads\/2022\/12\/edinburgh-bakony-09-768x576.jpg 768w\" sizes=\"(max-width: 800px) 100vw, 800px\" \/><\/li>\n                <li style=\"display: none; width: 100%;\" class=\"slide-3574 ms-image\" aria-roledescription=\"slide\" aria-label=\"slide-3574\"><img loading=\"lazy\" decoding=\"async\" width=\"800\" height=\"600\" src=\"http:\/\/www.oagvm.sk\/wphu\/wp-content\/uploads\/2022\/12\/edinburgh-bakony-10.jpg\" class=\"slider-3554 slide-3574\" alt=\"\" rel=\"\" title=\"edinburgh-bakony-10\" srcset=\"http:\/\/www.oagvm.sk\/wphu\/wp-content\/uploads\/2022\/12\/edinburgh-bakony-10.jpg 800w, http:\/\/www.oagvm.sk\/wphu\/wp-content\/uploads\/2022\/12\/edinburgh-bakony-10-300x225.jpg 300w, http:\/\/www.oagvm.sk\/wphu\/wp-content\/uploads\/2022\/12\/edinburgh-bakony-10-768x576.jpg 768w\" sizes=\"(max-width: 800px) 100vw, 800px\" \/><\/li>\n            <\/ul>\n        <\/div>\n        \n    <\/div>\n<\/div><\/h3>\n<h3 style=\"text-align: justify;\"><strong><span style=\"font-size: 18pt;\">DofE-kalandt\u00fara a Bakonyban<\/span><\/strong><\/h3>\n<h3 style=\"text-align: justify;\">Az Edinburgh Hercege Nemzetk\u00f6zi D\u00edj (DofE) elnevez\u00e9s\u0171 program a 2021\/2022-es tan\u00e9vben is folytat\u00f3dik iskol\u00e1nkon. A programba bejelentkezett tanul\u00f3ink k\u00f6z\u00fcl a legkitart\u00f3bbak m\u00e1r nagyr\u00e9szt teljes\u00edtett\u00e9k a tehets\u00e9gfejleszt\u00e9s, \u00f6nk\u00e9ntes t\u00e1rsadalmi munka \u00e9s a sport ter\u00e9n felv\u00e1llalt egy\u00e9ni c\u00e9lkit\u0171z\u00e9seiket. Jelenleg a program v\u00e9gs\u0151 f\u00e1zisa zajlik, amelynek keret\u00e9ben a r\u00e9sztvev\u0151k a napokban teljes\u00edtettek egy k\u00e9tnapos felk\u00e9sz\u00edt\u0151 kalandt\u00far\u00e1t a Bakonyban, nemsok\u00e1ra pedig egy h\u00e1romnapos \u00e9les kalandt\u00fara v\u00e1r r\u00e1juk a Pilisben.<\/h3>\n<h3 style=\"text-align: justify;\">A fentebb eml\u00edtett Bakonyi kalandt\u00far\u00e1ra 2022. j\u00fanius 14-15-\u00e9n ker\u00fclt sor So\u00f3ky Bogl\u00e1rka (II.C), Edm\u00e1r Dominika (II.C), Csiba R\u00e9ka (I.B) \u00e9s Bartal Anik\u00f3 (I.C) r\u00e9szv\u00e9tel\u00e9vel. A t\u00fara c\u00e9lja az emberi tev\u00e9kenys\u00e9g (konkr\u00e9tan a vas\u00fat\u00e9p\u00edt\u00e9s \u00e9s b\u00e1ny\u00e1szat) term\u00e9szeti k\u00f6vetkezm\u00e9nyeinek megfigyel\u00e9se volt. Az els\u0151 napon tanul\u00f3ink t\u00fczetesen megismerkedtek a Bakony hegys\u00e9get \u00e1tszel\u0151 Gy\u0151r\u2013Veszpr\u00e9m-vas\u00fatvonal t\u00f6rt\u00e9nelm\u00e9vel, \u00e9s megtekintett\u00e9k a Vinye \u00e9s Porva-Csesznek \u00e1llom\u00e1sok k\u00f6z\u00f6tti szakasz m\u0171szaki l\u00e9tes\u00edtm\u00e9nyeit. A Cuha-patak vadreg\u00e9nyes szurdok\u00e1n \u00e1thalad\u00f3 hegyi vas\u00fati p\u00e1lya m\u0171szaki-\u00e9p\u00edt\u00e9szeti szempontb\u00f3l egyed\u00fcl\u00e1ll\u00f3 az orsz\u00e1gban, h\u00e1rom alag\u00faton \u00e9s k\u00e9t v\u00f6lgyh\u00eddon halad kereszt\u00fcl. A vas\u00fat tervez\u0151j\u00e9r\u0151l elnevezett Gub\u00e1nyi-v\u00f6lgyh\u00edd felett \u00e1ll az 1896-os vas\u00fat\u00e9p\u00edt\u00e9si eml\u00e9km\u0171, de itt tal\u00e1lhat\u00f3 Magyarorsz\u00e1g egyetlen, oml\u00e1sv\u00e9d\u0151vel ell\u00e1tott alag\u00fatja is. D\u00e9lut\u00e1n, a vas\u00fat vonal\u00e1t elhagyva a t\u00fara r\u00e9sztvev\u0151i Csesznek fel\u00e9 vett\u00e9k az ir\u00e1nyt, ahol megtekintett\u00e9k a leny\u0171g\u00f6z\u0151 k\u00f6z\u00e9pkori v\u00e1rromot. Az els\u0151 nap v\u00e9g\u00e9n a csapat tagjai Zircen vertek t\u00e1bort, ahol t\u00fczet raktak, vacsor\u00e1t f\u0151ztek \u00e9s s\u00e1torban t\u00f6lt\u00f6tt\u00e9k a kimondottan hideg \u00e9jszak\u00e1t. M\u00e1snap a fest\u0151i \u00d6rd\u00f6g-\u00e1rok k\u00f6vetkezett, amelynek csup\u00e1n egy sz\u00e9ps\u00e9ghib\u00e1ja van, a valamikor itt cs\u00f6rgedez\u0151 patak a b\u00e1ny\u00e1szat k\u00f6vetkezt\u00e9ben sz\u00f3 szerint elt\u0171nt a f\u00f6ld sz\u00edn\u00e9r\u0151l.<\/h3>\n<h3 style=\"text-align: justify;\">Di\u00e1kjaink a k\u00e9t nap sor\u00e1n mintegy 23 kilom\u00e9tert tettek meg, ami kiv\u00e1l\u00f3 teljes\u00edtm\u00e9nynek sz\u00e1m\u00edt, hiszen a teljes felszerel\u00e9s\u00fcket is v\u00e9gig magukkal kellett vinni\u00fck. A r\u00e9sztvev\u0151k f\u00e1radtan, de sok hasznos tapasztalattal t\u00e9rtek haza a vid\u00e1m hangulat\u00fa, \u00e9lm\u00e9nyd\u00fas t\u00far\u00e1r\u00f3l. R\u00f6videsen k\u00f6vetkezik a folytat\u00e1s: a h\u00e1romnapos exped\u00edci\u00f3 a Pilisben.<\/h3>\n<h3 style=\"text-align: justify;\">Papp L\u00e1szl\u00f3, a csapat felk\u00e9sz\u00edt\u0151je<\/h3>\n","protected":false},"excerpt":{"rendered":"<p>&nbsp; 2021 szeptember Toborz\u00e1s az \u00faj tan\u00e9vben Minden tan\u00e9v elej\u00e9n r\u00e9szletesen ismertetj\u00fck di\u00e1kjainkkal \u2013 k\u00fcl\u00f6n\u00f6sen az 1. \u00e9vfolyam tanul\u00f3ival \u2013 az Edinburgh Hercege Nemzetk\u00f6zi D\u00edj programot, melynek keret\u00e9n bel\u00fcl a r\u00e9sztvev\u0151k kedvenc tev\u00e9kenys\u00e9geikkel foglalkozhatnak szabadidej\u00fckben, fejlesztve k\u00e9pess\u00e9geiket \u00e9s kitart\u00e1sukat. A programba bekapcsol\u00f3d\u00f3 di\u00e1kok szorgalmuk\u00e9rt egy vil\u00e1gszerte elismert d\u00edjat kapnak, amelyre egyetemek, f\u0151iskol\u00e1k \u00e9s nagy c\u00e9gek &#8230; <a title=\"Edinburgh &#8211; 2021\/2022\" class=\"read-more\" href=\"http:\/\/www.oagvm.sk\/wphu\/?page_id=3534\" aria-label=\"Tov\u00e1bbiak Edinburgh &#8211; 2021\/2022\">Olvass tov\u00e1bb<\/a><\/p>\n","protected":false},"author":1,"featured_media":0,"parent":2275,"menu_order":0,"comment_status":"closed","ping_status":"closed","template":"","meta":{"ngg_post_thumbnail":0,"footnotes":""},"_links":{"self":[{"href":"http:\/\/www.oagvm.sk\/wphu\/index.php?rest_route=\/wp\/v2\/pages\/3534"}],"collection":[{"href":"http:\/\/www.oagvm.sk\/wphu\/index.php?rest_route=\/wp\/v2\/pages"}],"about":[{"href":"http:\/\/www.oagvm.sk\/wphu\/index.php?rest_route=\/wp\/v2\/types\/page"}],"author":[{"embeddable":true,"href":"http:\/\/www.oagvm.sk\/wphu\/index.php?rest_route=\/wp\/v2\/users\/1"}],"replies":[{"embeddable":true,"href":"http:\/\/www.oagvm.sk\/wphu\/index.php?rest_route=%2Fwp%2Fv2%2Fcomments&post=3534"}],"version-history":[{"count":13,"href":"http:\/\/www.oagvm.sk\/wphu\/index.php?rest_route=\/wp\/v2\/pages\/3534\/revisions"}],"predecessor-version":[{"id":6022,"href":"http:\/\/www.oagvm.sk\/wphu\/index.php?rest_route=\/wp\/v2\/pages\/3534\/revisions\/6022"}],"up":[{"embeddable":true,"href":"http:\/\/www.oagvm.sk\/wphu\/index.php?rest_route=\/wp\/v2\/pages\/2275"}],"wp:attachment":[{"href":"http:\/\/www.oagvm.sk\/wphu\/index.php?rest_route=%2Fwp%2Fv2%2Fmedia&parent=3534"}],"curies":[{"name":"wp","href":"https:\/\/api.w.org\/{rel}","templated":true}]}}