{"id":3582,"date":"2022-12-09T13:49:56","date_gmt":"2022-12-09T12:49:56","guid":{"rendered":"http:\/\/www.oagvm.sk\/wphu\/?page_id=3582"},"modified":"2025-04-03T00:00:28","modified_gmt":"2025-04-02T22:00:28","slug":"edinburgh-2022-2023","status":"publish","type":"page","link":"http:\/\/www.oagvm.sk\/wphu\/?page_id=3582","title":{"rendered":"Edinburgh &#8211; 2022\/2023"},"content":{"rendered":"<h3><a href=\"http:\/\/www.oagvm.sk\/wphu\/?page_id=2275\"><img loading=\"lazy\" decoding=\"async\" class=\"alignnone size-full wp-image-2290\" src=\"http:\/\/www.oagvm.sk\/wphu\/wp-content\/uploads\/2021\/08\/bevezetes.png\" alt=\"\" width=\"98\" height=\"31\"><\/a><\/h3>\n<h3> <a href=\"http:\/\/www.oagvm.sk\/wphu\/?page_id=6007\"> <img loading=\"lazy\" decoding=\"async\" class=\"alignnone wp-image-5990 size-full\" title=\"http:\/\/www.oagvm.sk\/wphu\/?page_id=6007\" src=\"http:\/\/www.oagvm.sk\/wphu\/wp-content\/uploads\/2025\/04\/24-25.png\" alt=\"\" width=\"136\" height=\"31\"><\/a> <a href=\"http:\/\/www.oagvm.sk\/wphu\/?page_id=5867\"><img loading=\"lazy\" decoding=\"async\" class=\"alignnone wp-image-5863 size-full\" src=\"http:\/\/www.oagvm.sk\/wphu\/wp-content\/uploads\/2024\/10\/23-24-1.png\" alt=\"\" width=\"136\" height=\"31\"><\/a> <a href=\"http:\/\/www.oagvm.sk\/wphu\/?page_id=3582\"><img loading=\"lazy\" decoding=\"async\" class=\"alignnone wp-image-5864 size-full\" src=\"http:\/\/www.oagvm.sk\/wphu\/wp-content\/uploads\/2024\/10\/22-23-1.png\" alt=\"\" width=\"136\" height=\"31\"><\/a>&nbsp;<\/h3>\n<h3><a href=\"http:\/\/www.oagvm.sk\/wphu\/?page_id=3534\"><img loading=\"lazy\" decoding=\"async\" class=\"alignnone size-full wp-image-3515\" src=\"http:\/\/www.oagvm.sk\/wphu\/wp-content\/uploads\/2022\/11\/21-22-1.png\" alt=\"\" width=\"136\" height=\"31\"><\/a> <a href=\"http:\/\/www.oagvm.sk\/wphu\/?page_id=2293\"><img loading=\"lazy\" decoding=\"async\" class=\"alignnone size-full wp-image-2299\" src=\"http:\/\/www.oagvm.sk\/wphu\/wp-content\/uploads\/2021\/08\/20-21.png\" alt=\"\" width=\"136\" height=\"31\"><\/a> <a href=\"http:\/\/www.oagvm.sk\/wphu\/?page_id=2547\"><img loading=\"lazy\" decoding=\"async\" class=\"alignnone size-full wp-image-2298\" src=\"http:\/\/www.oagvm.sk\/wphu\/wp-content\/uploads\/2021\/08\/19-20.png\" alt=\"\" width=\"136\" height=\"31\"><\/a> <a href=\"http:\/\/www.oagvm.sk\/wphu\/?page_id=3534\"><img loading=\"lazy\" decoding=\"async\" class=\"alignnone size-full wp-image-2297\" src=\"http:\/\/www.oagvm.sk\/wphu\/wp-content\/uploads\/2021\/08\/18-19.png\" alt=\"\" width=\"136\" height=\"31\"><\/a><\/h3>\n<p style=\"text-align: justify;\"><span style=\"font-family: tahoma, arial, helvetica, sans-serif;\"><strong>2022 n<\/strong><strong>ovember<\/strong><\/span><\/p>\n<p style=\"text-align: justify;\"><span style=\"font-size: 18pt; font-family: tahoma, arial, helvetica, sans-serif;\"><strong>DofE-d\u00edjatad\u00f3 a di\u00e1kh\u00e9t keret\u00e9ben<\/strong><\/span><\/p>\n<p style=\"text-align: justify;\"><span style=\"font-family: tahoma, arial, helvetica, sans-serif;\">Az idei tan\u00e9vben a DofE-d\u00edjak \u00e1tad\u00e1s\u00e1ra a di\u00e1kh\u00e9t els\u0151 napj\u00e1n, november 14-\u00e9n ker\u00fclt sor a nagymegyeri Corvin M\u00e1ty\u00e1s M\u0171vel\u0151d\u00e9si K\u00f6zpontban. Az els\u0151s\u00f6k avat\u00e1sa \u00e9s \u00fcnnepi programja, amelyen szinte az eg\u00e9sz iskola r\u00e9szt vett, kiv\u00e1l\u00f3 alkalom volt arra, hogy n\u00e9pszer\u0171s\u00edts\u00fck e nemzetk\u00f6zileg elismert programot, \u00e9s m\u00e9ltassuk annak r\u00e9sztvev\u0151it. Iskol\u00e1nk tanul\u00f3i k\u00f6z\u00fcl id\u00e9n So\u00f3ky Bogl\u00e1rka (III.C) \u00e9s Csiba R\u00e9ka (II.B) vehette \u00e1t az iskola igazgat\u00f3n\u0151j\u00e9t\u0151l a DofE ez\u00fcst, illetve bronz szintj\u00e9nek teljes\u00edt\u00e9s\u00e9\u00e9rt j\u00e1r\u00f3 \u00e9rmet \u00e9s tan\u00fas\u00edtv\u00e1nyt. A d\u00edjazottaknak gratul\u00e1lunk, \u00e9s tov\u00e1bbi sikereket k\u00edv\u00e1nunk!<\/span><\/p>\n<p style=\"text-align: justify;\"><span style=\"font-family: tahoma, arial, helvetica, sans-serif;\"><a href=\"http:\/\/www.oagvm.sk\/wphirfolyam\/?p=7056\">http:\/\/www.oagvm.sk\/wphirfolyam\/?p=7056<\/a><\/span><\/p>\n<p style=\"text-align: justify;\"><span style=\"font-family: tahoma, arial, helvetica, sans-serif;\"><div id=\"metaslider-id-3588\" style=\"max-width: 800px; margin: 0 auto;\" class=\"ml-slider-3-50-0 metaslider metaslider-flex metaslider-3588 ml-slider ms-theme-default nav-hidden\" role=\"region\" aria-roledescription=\"Slideshow\" aria-label=\"edingurgh-22-nov\">\n    <div id=\"metaslider_container_3588\">\n        <div id=\"metaslider_3588\" class=\"flexslider\">\n            <ul aria-live=\"polite\" class=\"slides\">\n                <li style=\"display: block; width: 100%;\" class=\"slide-3594 ms-image\" aria-roledescription=\"slide\" aria-label=\"slide-3594\"><img loading=\"lazy\" decoding=\"async\" width=\"800\" height=\"600\" src=\"http:\/\/www.oagvm.sk\/wphu\/wp-content\/uploads\/2022\/12\/edinburgh-01.jpg\" class=\"slider-3588 slide-3594\" alt=\"\" rel=\"\" title=\"edinburgh-01\" srcset=\"http:\/\/www.oagvm.sk\/wphu\/wp-content\/uploads\/2022\/12\/edinburgh-01.jpg 800w, http:\/\/www.oagvm.sk\/wphu\/wp-content\/uploads\/2022\/12\/edinburgh-01-300x225.jpg 300w, http:\/\/www.oagvm.sk\/wphu\/wp-content\/uploads\/2022\/12\/edinburgh-01-768x576.jpg 768w\" sizes=\"(max-width: 800px) 100vw, 800px\" \/><\/li>\n                <li style=\"display: none; width: 100%;\" class=\"slide-3595 ms-image\" aria-roledescription=\"slide\" aria-label=\"slide-3595\"><img loading=\"lazy\" decoding=\"async\" width=\"800\" height=\"600\" src=\"http:\/\/www.oagvm.sk\/wphu\/wp-content\/uploads\/2022\/12\/edinburgh-02.jpg\" class=\"slider-3588 slide-3595\" alt=\"\" rel=\"\" title=\"edinburgh-02\" srcset=\"http:\/\/www.oagvm.sk\/wphu\/wp-content\/uploads\/2022\/12\/edinburgh-02.jpg 800w, http:\/\/www.oagvm.sk\/wphu\/wp-content\/uploads\/2022\/12\/edinburgh-02-300x225.jpg 300w, http:\/\/www.oagvm.sk\/wphu\/wp-content\/uploads\/2022\/12\/edinburgh-02-768x576.jpg 768w\" sizes=\"(max-width: 800px) 100vw, 800px\" \/><\/li>\n                <li style=\"display: none; width: 100%;\" class=\"slide-3596 ms-image\" aria-roledescription=\"slide\" aria-label=\"slide-3596\"><img loading=\"lazy\" decoding=\"async\" width=\"800\" height=\"600\" src=\"http:\/\/www.oagvm.sk\/wphu\/wp-content\/uploads\/2022\/12\/edinburgh-03.jpg\" class=\"slider-3588 slide-3596\" alt=\"\" rel=\"\" title=\"edinburgh-03\" srcset=\"http:\/\/www.oagvm.sk\/wphu\/wp-content\/uploads\/2022\/12\/edinburgh-03.jpg 800w, http:\/\/www.oagvm.sk\/wphu\/wp-content\/uploads\/2022\/12\/edinburgh-03-300x225.jpg 300w, http:\/\/www.oagvm.sk\/wphu\/wp-content\/uploads\/2022\/12\/edinburgh-03-768x576.jpg 768w\" sizes=\"(max-width: 800px) 100vw, 800px\" \/><\/li>\n                <li style=\"display: none; width: 100%;\" class=\"slide-3597 ms-image\" aria-roledescription=\"slide\" aria-label=\"slide-3597\"><img loading=\"lazy\" decoding=\"async\" width=\"800\" height=\"600\" src=\"http:\/\/www.oagvm.sk\/wphu\/wp-content\/uploads\/2022\/12\/edinburgh-04.jpg\" class=\"slider-3588 slide-3597\" alt=\"\" rel=\"\" title=\"edinburgh-04\" srcset=\"http:\/\/www.oagvm.sk\/wphu\/wp-content\/uploads\/2022\/12\/edinburgh-04.jpg 800w, http:\/\/www.oagvm.sk\/wphu\/wp-content\/uploads\/2022\/12\/edinburgh-04-300x225.jpg 300w, http:\/\/www.oagvm.sk\/wphu\/wp-content\/uploads\/2022\/12\/edinburgh-04-768x576.jpg 768w\" sizes=\"(max-width: 800px) 100vw, 800px\" \/><\/li>\n                <li style=\"display: none; width: 100%;\" class=\"slide-3598 ms-image\" aria-roledescription=\"slide\" aria-label=\"slide-3598\"><img loading=\"lazy\" decoding=\"async\" width=\"800\" height=\"600\" src=\"http:\/\/www.oagvm.sk\/wphu\/wp-content\/uploads\/2022\/12\/edinburgh-05.jpg\" class=\"slider-3588 slide-3598\" alt=\"\" rel=\"\" title=\"edinburgh-05\" srcset=\"http:\/\/www.oagvm.sk\/wphu\/wp-content\/uploads\/2022\/12\/edinburgh-05.jpg 800w, http:\/\/www.oagvm.sk\/wphu\/wp-content\/uploads\/2022\/12\/edinburgh-05-300x225.jpg 300w, http:\/\/www.oagvm.sk\/wphu\/wp-content\/uploads\/2022\/12\/edinburgh-05-768x576.jpg 768w\" sizes=\"(max-width: 800px) 100vw, 800px\" \/><\/li>\n            <\/ul>\n        <\/div>\n        \n    <\/div>\n<\/div><\/span><\/p>\n<p style=\"text-align: justify;\">&nbsp;<\/p>\n<p style=\"text-align: justify;\"><span style=\"font-size: 18pt; font-family: tahoma, arial, helvetica, sans-serif;\"><strong>DofE-d\u00edj\u00e1tad\u00f3 a Kereskedelmi Akad\u00e9mi\u00e1n<\/strong><\/span><\/p>\n<p style=\"text-align: justify;\"><span style=\"font-family: tahoma, arial, helvetica, sans-serif;\">A 2021\/2022-es tan\u00e9vben a Nagymegyeri Kereskedelmi Akad\u00e9mia k\u00e9t di\u00e1kj\u00e1nak, So\u00f3ky Bogl\u00e1rk\u00e1nak (III.C) \u00e9s Csiba R\u00e9k\u00e1nak (II.B) siker\u00fclt teljes\u00edtenie a vil\u00e1gszerte elismert Edinburgh Hercege Nemzetk\u00f6zi D\u00edj (DofE) ez\u00fcst, illetve bronz fokozat\u00e1t. A d\u00edj\u00e1tad\u00f3 \u00fcnneps\u00e9g\u00e9re november 14-\u00e9n, az Akad\u00e9miai h\u00e9t els\u0151 napj\u00e1n ker\u00fclt sor a Corvin M\u00e1ty\u00e1s M\u0171vel\u0151d\u00e9si K\u00f6zpontban. Az \u00e9rmeket \u00e9s a tan\u00fas\u00edtv\u00e1nyt iskol\u00e1nk igazgat\u00f3n\u0151je szem\u00e9lyesen adta \u00e1t a d\u00edjazottaknak.<\/span><br \/>\n<span style=\"font-family: tahoma, arial, helvetica, sans-serif;\">So\u00f3ky Bogl\u00e1rka az el\u0151z\u0151 tan\u00e9vben a DofE ez\u00fcst szintj\u00e9t teljes\u00edtette. F\u0151 tev\u00e9kenys\u00e9gi ter\u00fclete az \u00e9kszerk\u00e9sz\u00edt\u00e9s volt. Mentora, Horv\u00e1th Erzs\u00e9bet \u00e9rt\u00e9kel\u00e9s\u00e9ben kiemelte Bogl\u00e1rka krist\u00e1lyokb\u00f3l \u00e9s finom gyurm\u00e1b\u00f3l k\u00e9sz\u00fclt \u00e9kszereinek kidolgozotts\u00e1g\u00e1t, valamint a sz\u00ednek, form\u00e1k \u00e9s a v\u00e1lasztott alapanyagok \u00f6sszhangj\u00e1t. Bogl\u00e1rka a sport ter\u00e9n a kitart\u00f3 fut\u00e1st v\u00e1lasztotta, mentora \u00e9s \u00e9rt\u00e9kel\u0151je Papp L\u00e1szl\u00f3 tan\u00e1r \u00far volt. Ezen k\u00edv\u00fcl \u00f6nk\u00e9ntes munk\u00e1t is v\u00e9gzett (k\u00f6rnyezettiszt\u00e1s, k\u00f6rnyezetv\u00e9delmi t\u00e9m\u00e1k propag\u00e1l\u00e1sa), m\u00e9gpedig a Z\u00f6ld iskola program keret\u00e9ben Kiss Klaudia tan\u00e1rn\u0151 vezet\u00e9s\u00e9vel.<\/span><br \/>\n<span style=\"font-family: tahoma, arial, helvetica, sans-serif;\">Csiba R\u00e9ka a 2021\/2022-es tan\u00e9vben a DofE bronz szintj\u00e9nek kih\u00edv\u00e1sait teljes\u00edtette. F\u0151 aktivit\u00e1sa a sport volt, m\u00e9gpedig a rendszeres edz\u0151termi torna, amelyben mentork\u00e9nt Hossz\u00fa B\u00e9la tan\u00e1r \u00far seg\u00edtette. R\u00e9ka a tehets\u00e9gfejleszt\u00e9s ter\u00e9n Bittera Kl\u00e1ra tan\u00e1rn\u0151 fel\u00fcgyelete mellett angol nyelv\u0171 k\u00f6nyveket olvasott, hogy fejlessze nyelvi tud\u00e1s\u00e1t, \u00f6nk\u00e9ntes munk\u00e1t pedig \u0151 is a Z\u00f6ld iskola programban v\u00e1llalt.<\/span><br \/>\n<span style=\"font-family: tahoma, arial, helvetica, sans-serif;\">A fentebb le\u00edrt egy\u00e9ni c\u00e9lok teljes\u00edt\u00e9s\u00e9t k\u00e9t csoportos kalandt\u00fara k\u00f6vette. A felk\u00e9sz\u00edt\u0151 t\u00fara (2 nap, 1 \u00e9jszaka) a Bakonyban, a min\u0151s\u00edt\u0151 t\u00fara (3 nap, 2 \u00e9jszaka) pedig a Pilisben zajlott. A t\u00far\u00e1k sor\u00e1n a r\u00e9sztvev\u0151k napi 8 \u00f3r\u00e1t t\u00f6lt\u00f6ttek a terepen, mik\u00f6zben term\u00e9szeti \u00e9s \u00e9p\u00edt\u00e9szeti \u00e9rdekess\u00e9geket figyeltek meg, ezen fel\u00fcl pedig elsaj\u00e1t\u00edtott\u00e1k a t\u00e1j\u00e9koz\u00f3d\u00e1s, t\u00e1boroz\u00e1s, \u00e9telk\u00e9sz\u00edt\u00e9s fort\u00e9lyait.<\/span><br \/>\n<span style=\"font-family: tahoma, arial, helvetica, sans-serif;\">A d\u00edjazottaknak gratul\u00e1lunk, \u00e9s tov\u00e1bbi sikereket k\u00edv\u00e1nunk!<\/span><\/p>\n<p style=\"text-align: justify;\"><span style=\"font-family: tahoma, arial, helvetica, sans-serif;\">K\u00f3sa Katalin, az Edinburgh Hercege Nemzetk\u00f6zi D\u00edj koordin\u00e1tora<\/span><\/p>\n<p style=\"text-align: justify;\"><span style=\"font-family: tahoma, arial, helvetica, sans-serif; font-size: 18pt;\"><strong>DofE-kalandt\u00fara a Bakonyban<\/strong><\/span><\/p>\n<p style=\"text-align: justify;\"><span style=\"font-family: tahoma, arial, helvetica, sans-serif;\">Kor\u00e1bbi tud\u00f3s\u00edt\u00e1sainkban m\u00e1r eml\u00edtett\u00fck, hogy az Edinburgh Hercege Nemzetk\u00f6zi D\u00edj (DofE) elnevez\u00e9s\u0171 program a 2022\/2023-as tan\u00e9vben is folytat\u00f3dik iskol\u00e1nkon. A programba bejelentkezett tanul\u00f3ink k\u00f6z\u00fcl a legkitart\u00f3bbak m\u00e1r nagyr\u00e9szt teljes\u00edtett\u00e9k a tehets\u00e9gfejleszt\u00e9s, \u00f6nk\u00e9ntes t\u00e1rsadalmi munka \u00e9s a sport ter\u00e9n felv\u00e1llalt egy\u00e9ni c\u00e9lkit\u0171z\u00e9seiket, n\u00e9h\u00e1ny hete pedig egy k\u00e9tnapos felk\u00e9sz\u00edt\u0151 kalandt\u00far\u00e1n is r\u00e9szt vettek a Pilisben.<\/span><\/p>\n<p style=\"text-align: justify;\"><span style=\"font-family: tahoma, arial, helvetica, sans-serif;\">2023. j\u00fanius 29-30-\u00e1n sorra ker\u00fclt az k\u00e9tnapos \u00e9les kaland\u00fara is, amelynek r\u00e9sztvev\u0151i az I. B oszt\u00e1ly tanul\u00f3 voltak, n\u00e9v szerint Gaty\u00e1s Edina, Beke Lili\u00e1na, K\u00f6les Patrik \u00e9s Czedli Kriszti\u00e1n. A t\u00fara c\u00e9lja az emberi tev\u00e9kenys\u00e9g (konkr\u00e9tan a vas\u00fat\u00e9p\u00edt\u00e9s \u00e9s b\u00e1ny\u00e1szat) term\u00e9szeti k\u00f6vetkezm\u00e9nyeinek megfigyel\u00e9se volt. Az els\u0151 napon tanul\u00f3ink t\u00fczetesen megismerkedtek a Bakony hegys\u00e9get \u00e1tszel\u0151 Gy\u0151r\u2013Veszpr\u00e9m-vas\u00fatvonal t\u00f6rt\u00e9nelm\u00e9vel, \u00e9s megtekintett\u00e9k a Vinye \u00e9s Porva-Csesznek \u00e1llom\u00e1sok k\u00f6z\u00f6tti szakasz m\u0171szaki l\u00e9tes\u00edtm\u00e9nyeit. A Cuha-patak vadreg\u00e9nyes szurdok\u00e1n \u00e1thalad\u00f3 hegyi vas\u00fati p\u00e1lya m\u0171szaki-\u00e9p\u00edt\u00e9szeti szempontb\u00f3l egyed\u00fcl\u00e1ll\u00f3 az orsz\u00e1gban, h\u00e1rom alag\u00faton\u00e9s k\u00e9t v\u00f6lgyh\u00eddon halad kereszt\u00fcl. A vas\u00fat tervez\u0151j\u00e9r\u0151l elnevezett Gub\u00e1nyi-v\u00f6lgyh\u00eddfelett \u00e1ll az 1896-os vas\u00fat\u00e9p\u00edt\u00e9si eml\u00e9km\u0171, de itt tal\u00e1lhat\u00f3 Magyarorsz\u00e1g egyetlen, oml\u00e1sv\u00e9d\u0151vel ell\u00e1tott alag\u00fatja is. D\u00e9lut\u00e1n, a vas\u00fat vonal\u00e1t elhagyva a t\u00fara r\u00e9sztvev\u0151i Csesznek fel\u00e9 vett\u00e9k az ir\u00e1nyt, ahol megtekintett\u00e9k a leny\u0171g\u00f6z\u0151 k\u00f6z\u00e9pkori v\u00e1rromot. Az els\u0151 nap v\u00e9g\u00e9n a csapat tagjai Zircen vertek t\u00e1bort, ahol t\u00fczet raktak, vacsor\u00e1t f\u0151ztek \u00e9s s\u00e1torban t\u00f6lt\u00f6tt\u00e9k az \u00e9jszak\u00e1t. M\u00e1snap a fest\u0151i \u00d6rd\u00f6g-\u00e1rok k\u00f6vetkezett, amelynek csup\u00e1n egy sz\u00e9ps\u00e9ghib\u00e1ja van, a valamikor itt cs\u00f6rgedez\u0151 patak a b\u00e1ny\u00e1szat k\u00f6vetkezt\u00e9ben sz\u00f3 szerint elt\u0171nt a f\u00f6ld sz\u00edn\u00e9r\u0151l.<\/span><\/p>\n<p style=\"text-align: justify;\"><span style=\"font-family: tahoma, arial, helvetica, sans-serif;\">Di\u00e1kjaink a k\u00e9t nap sor\u00e1n mintegy 27 kilom\u00e9tert tettek meg, ami kiv\u00e1l\u00f3 teljes\u00edtm\u00e9nynek sz\u00e1m\u00edt, hiszen a teljes felszerel\u00e9s\u00fcket is v\u00e9gig magukkal kellett vinni\u00fck. A r\u00e9sztvev\u0151k f\u00e1radtan, de sok hasznos tapasztalattal t\u00e9rtek haza a vid\u00e1m hangulat\u00fa, \u00e9lm\u00e9nyd\u00fas t\u00far\u00e1r\u00f3l.<\/span><\/p>\n<p style=\"text-align: justify;\"><span style=\"font-family: tahoma, arial, helvetica, sans-serif;\"><em>Papp L\u00e1szl\u00f3<\/em>, a csapat felk\u00e9sz\u00edt\u0151je<\/span><\/p>\n<p style=\"text-align: justify;\">&nbsp;<\/p>\n<p style=\"text-align: justify;\">&nbsp;<\/p>\n","protected":false},"excerpt":{"rendered":"<p>&nbsp; 2022 november DofE-d\u00edjatad\u00f3 a di\u00e1kh\u00e9t keret\u00e9ben Az idei tan\u00e9vben a DofE-d\u00edjak \u00e1tad\u00e1s\u00e1ra a di\u00e1kh\u00e9t els\u0151 napj\u00e1n, november 14-\u00e9n ker\u00fclt sor a nagymegyeri Corvin M\u00e1ty\u00e1s M\u0171vel\u0151d\u00e9si K\u00f6zpontban. Az els\u0151s\u00f6k avat\u00e1sa \u00e9s \u00fcnnepi programja, amelyen szinte az eg\u00e9sz iskola r\u00e9szt vett, kiv\u00e1l\u00f3 alkalom volt arra, hogy n\u00e9pszer\u0171s\u00edts\u00fck e nemzetk\u00f6zileg elismert programot, \u00e9s m\u00e9ltassuk annak r\u00e9sztvev\u0151it. Iskol\u00e1nk &#8230; <a title=\"Edinburgh &#8211; 2022\/2023\" class=\"read-more\" href=\"http:\/\/www.oagvm.sk\/wphu\/?page_id=3582\" aria-label=\"Tov\u00e1bbiak Edinburgh &#8211; 2022\/2023\">Olvass tov\u00e1bb<\/a><\/p>\n","protected":false},"author":1,"featured_media":0,"parent":2275,"menu_order":0,"comment_status":"closed","ping_status":"closed","template":"","meta":{"ngg_post_thumbnail":0,"footnotes":""},"_links":{"self":[{"href":"http:\/\/www.oagvm.sk\/wphu\/index.php?rest_route=\/wp\/v2\/pages\/3582"}],"collection":[{"href":"http:\/\/www.oagvm.sk\/wphu\/index.php?rest_route=\/wp\/v2\/pages"}],"about":[{"href":"http:\/\/www.oagvm.sk\/wphu\/index.php?rest_route=\/wp\/v2\/types\/page"}],"author":[{"embeddable":true,"href":"http:\/\/www.oagvm.sk\/wphu\/index.php?rest_route=\/wp\/v2\/users\/1"}],"replies":[{"embeddable":true,"href":"http:\/\/www.oagvm.sk\/wphu\/index.php?rest_route=%2Fwp%2Fv2%2Fcomments&post=3582"}],"version-history":[{"count":21,"href":"http:\/\/www.oagvm.sk\/wphu\/index.php?rest_route=\/wp\/v2\/pages\/3582\/revisions"}],"predecessor-version":[{"id":6021,"href":"http:\/\/www.oagvm.sk\/wphu\/index.php?rest_route=\/wp\/v2\/pages\/3582\/revisions\/6021"}],"up":[{"embeddable":true,"href":"http:\/\/www.oagvm.sk\/wphu\/index.php?rest_route=\/wp\/v2\/pages\/2275"}],"wp:attachment":[{"href":"http:\/\/www.oagvm.sk\/wphu\/index.php?rest_route=%2Fwp%2Fv2%2Fmedia&parent=3582"}],"curies":[{"name":"wp","href":"https:\/\/api.w.org\/{rel}","templated":true}]}}