{"id":5867,"date":"2024-10-15T10:23:13","date_gmt":"2024-10-15T08:23:13","guid":{"rendered":"http:\/\/www.oagvm.sk\/wphu\/?page_id=5867"},"modified":"2025-04-23T10:02:04","modified_gmt":"2025-04-23T08:02:04","slug":"edinburgh-2023-2024","status":"publish","type":"page","link":"http:\/\/www.oagvm.sk\/wphu\/?page_id=5867","title":{"rendered":"Edinburgh \u2013 2023\/2024"},"content":{"rendered":"<h3><a href=\"http:\/\/www.oagvm.sk\/wphu\/?page_id=2275\"><img loading=\"lazy\" decoding=\"async\" class=\"alignnone size-full wp-image-2290\" src=\"http:\/\/www.oagvm.sk\/wphu\/wp-content\/uploads\/2021\/08\/bevezetes.png\" alt=\"\" width=\"98\" height=\"31\"><\/a><\/h3>\n<h3><a href=\"http:\/\/www.oagvm.sk\/wphu\/?page_id=6007\"><img loading=\"lazy\" decoding=\"async\" class=\"alignnone wp-image-5990 size-full\" title=\"http:\/\/www.oagvm.sk\/wphu\/?page_id=6007\" src=\"http:\/\/www.oagvm.sk\/wphu\/wp-content\/uploads\/2025\/04\/24-25.png\" alt=\"\" width=\"136\" height=\"31\"><\/a> <a href=\"http:\/\/www.oagvm.sk\/wphu\/?page_id=5867\"><img loading=\"lazy\" decoding=\"async\" class=\"alignnone wp-image-5863 size-full\" src=\"http:\/\/www.oagvm.sk\/wphu\/wp-content\/uploads\/2024\/10\/23-24-1.png\" alt=\"\" width=\"136\" height=\"31\"><\/a> <a href=\"http:\/\/www.oagvm.sk\/wphu\/?page_id=3582\"><img loading=\"lazy\" decoding=\"async\" class=\"alignnone wp-image-5864 size-full\" src=\"http:\/\/www.oagvm.sk\/wphu\/wp-content\/uploads\/2024\/10\/22-23-1.png\" alt=\"\" width=\"136\" height=\"31\"><\/a>&nbsp;<\/h3>\n<h3><a href=\"http:\/\/www.oagvm.sk\/wphu\/?page_id=3534\"><img loading=\"lazy\" decoding=\"async\" class=\"alignnone size-full wp-image-3515\" src=\"http:\/\/www.oagvm.sk\/wphu\/wp-content\/uploads\/2022\/11\/21-22-1.png\" alt=\"\" width=\"136\" height=\"31\"><\/a> <a href=\"http:\/\/www.oagvm.sk\/wphu\/?page_id=2293\"><img loading=\"lazy\" decoding=\"async\" class=\"alignnone size-full wp-image-2299\" src=\"http:\/\/www.oagvm.sk\/wphu\/wp-content\/uploads\/2021\/08\/20-21.png\" alt=\"\" width=\"136\" height=\"31\"><\/a> <a href=\"http:\/\/www.oagvm.sk\/wphu\/?page_id=2547\"><img loading=\"lazy\" decoding=\"async\" class=\"alignnone size-full wp-image-2298\" src=\"http:\/\/www.oagvm.sk\/wphu\/wp-content\/uploads\/2021\/08\/19-20.png\" alt=\"\" width=\"136\" height=\"31\"><\/a> <a href=\"http:\/\/www.oagvm.sk\/wphu\/?page_id=3534\"><img loading=\"lazy\" decoding=\"async\" class=\"alignnone size-full wp-image-2297\" src=\"http:\/\/www.oagvm.sk\/wphu\/wp-content\/uploads\/2021\/08\/18-19.png\" alt=\"\" width=\"136\" height=\"31\"><\/a><\/h3>\n<h3>&nbsp;<\/h3>\n<h3 style=\"text-align: justify;\"><span style=\"font-family: tahoma, arial, helvetica, sans-serif; color: #ff6600; font-size: 18pt;\"><strong>Az Edinburgh Hercege Nemzetk\u00f6zi D\u00edj program ismertet\u00e9se az \u00c9let- \u00e9s eg\u00e9szs\u00e9gv\u00e9delmi nap keret\u00e9ben<\/strong><\/span><\/h3>\n<h3 style=\"text-align: justify;\"><span style=\"font-family: tahoma, arial, helvetica, sans-serif;\">2023. szeptember 14-\u00e9n \u00e9let- \u00e9s eg\u00e9szs\u00e9gv\u00e9delmi gyakorlatot tartottunk, amely szerves r\u00e9sz\u00e9t k\u00e9pezi iskol\u00e1nk nevel\u00e9si-oktat\u00e1si programj\u00e1nak. A nap esem\u00e9nyeibe az els\u0151 h\u00e1rom \u00e9vfolyam di\u00e1kjai kapcsol\u00f3dtak be. A gyakorlat c\u00e9lja az volt, hogy elm\u00e9leti ismeretek \u00e1tad\u00e1s\u00e1val hozz\u00e1j\u00e1ruljon a felel\u0151ss\u00e9gtudatos \u00e9letvitelhez n\u00e9lk\u00fcl\u00f6zhetetlen k\u00e9szs\u00e9gek, szok\u00e1sok kialak\u00edt\u00e1s\u00e1hoz, melyek az emberi \u00e9let, eg\u00e9szs\u00e9g \u00e9s a term\u00e9szet v\u00e9delm\u00e9t szolg\u00e1lj\u00e1k.<\/span><\/h3>\n<h3 style=\"text-align: justify;\"><span style=\"font-family: tahoma, arial, helvetica, sans-serif;\">Di\u00e1kjaink a gyakorlat keret\u00e9ben a k\u00f6vetkez\u0151 t\u00e9m\u00e1j\u00fa foglalkoz\u00e1sokon vehettek r\u00e9szt: a t\u00e9rk\u00e9ppel val\u00f3 t\u00e1j\u00e9koz\u00f3d\u00e1s alapismeretei, a biztons\u00e1gos k\u00f6zleked\u00e9s szab\u00e1lyai, az az eg\u00e9szs\u00e9ges \u00e9letm\u00f3d \u00e9s t\u00e1pl\u00e1lkoz\u00e1s, valamint a rendszeres&nbsp;sportol\u00e1s jelent\u0151s\u00e9ge, tov\u00e1bb\u00e1<em> az \u201eEdinburgh hercege nemzetk\u00f6zi d\u00edj\u201d \u00e9s a Z\u00f6ld iskola programok ismertet\u00e9se. <\/em>Tan\u00e1raink sz\u00e1mos szeml\u00e9ltet\u0151 prezent\u00e1ci\u00f3val \u00e9s vide\u00f3val pr\u00f3b\u00e1lt\u00e1k a tanul\u00f3k \u00e9rdekl\u0151d\u00e9s\u00e9t felkelteni a t\u00e9m\u00e1k ir\u00e1nt.<\/span><\/h3>\n<h3 style=\"text-align: right;\"><span style=\"font-family: tahoma, arial, helvetica, sans-serif;\"><em><img loading=\"lazy\" decoding=\"async\" class=\"size-full wp-image-5884 aligncenter\" src=\"http:\/\/www.oagvm.sk\/wphu\/wp-content\/uploads\/2024\/10\/ismerteto.jpg\" alt=\"\" width=\"800\" height=\"533\" srcset=\"http:\/\/www.oagvm.sk\/wphu\/wp-content\/uploads\/2024\/10\/ismerteto.jpg 800w, http:\/\/www.oagvm.sk\/wphu\/wp-content\/uploads\/2024\/10\/ismerteto-300x200.jpg 300w, http:\/\/www.oagvm.sk\/wphu\/wp-content\/uploads\/2024\/10\/ismerteto-768x512.jpg 768w\" sizes=\"(max-width: 800px) 100vw, 800px\" \/><\/em><\/span><\/h3>\n<h3 style=\"text-align: right;\"><span style=\"font-family: tahoma, arial, helvetica, sans-serif;\"><em>Hossz\u00fa B\u00e9la<\/em>, testnevel\u0151 tan\u00e1r<\/span><\/h3>\n<p>&nbsp;<\/p>\n<h3 style=\"text-align: left;\"><strong><span style=\"font-family: tahoma, arial, helvetica, sans-serif; color: #ff6600;\">DofE-d\u00edj\u00e1tad\u00f3 a Kereskedelmi Akad\u00e9mi\u00e1n<\/span><\/strong><\/h3>\n<h3 style=\"text-align: justify;\"><span style=\"font-family: tahoma, arial, helvetica, sans-serif;\">Nagy \u00f6r\u00f6m sz\u00e1munkra, hogy ebben a tan\u00e9vben is Edinburgh Hercege Nemzetk\u00f6zi D\u00edjat adhattunk \u00e1t a Nagymegyeri Kereskedelmi Akad\u00e9mi\u00e1n. Ez\u00fattal Gaty\u00e1s Edina, a II.B oszt\u00e1ly tanul\u00f3ja vehette \u00e1t a vil\u00e1gszerte elismert d\u00edj bronz fokozat\u00e1t az elm\u00falt h\u00f3napokban v\u00e9gzett kitart\u00f3 \u00e9s lelkiismeretes munk\u00e1j\u00e1\u00e9rt.<\/span><\/h3>\n<h3 style=\"text-align: justify;\"><span style=\"font-family: tahoma, arial, helvetica, sans-serif;\">Edina a sport ter\u00e9n, amely f\u0151 aktivit\u00e1s\u00e1nak sz\u00e1m\u00edtott a program keret\u00e9ben, lovagl\u00e1ssal foglalkozott. C\u00e9lk\u00e9nt egy 80 centim\u00e9ter magas akad\u00e1ly \u00e1tugr\u00e1s\u00e1t t\u0171zte ki maga el\u00e9. Ennek \u00e9rdek\u00e9ben hat h\u00f3napon kereszt\u00fcl rendszeresen elj\u00e1rt lovagolni, \u00e9s v\u00e9g\u00fcl a kit\u0171z\u00f6tt c\u00e9lt teljes\u00edtette. Mivel sok id\u0151t t\u00f6lt\u00f6tt a lovas tany\u00e1n, a program r\u00e9sz\u00e9t k\u00e9pez\u0151 \u00f6nk\u00e9ntes munk\u00e1t is itt teljes\u00edtette, m\u00e9gpedig a takar\u00edt\u00e1si munk\u00e1k felv\u00e1llal\u00e1s\u00e1val. Emellett a tehets\u00e9gfejleszt\u00e9s ter\u00fclet\u00e9n is jeleskedett, h\u00e1rom h\u00f3nap gyakorl\u00e1s \u00e9s tapasztalatszerz\u00e9s ut\u00e1n siker\u00fclt \u00f6n\u00e1ll\u00f3an elk\u00e9sz\u00edtenie egy tort\u00e1t. Edina a kalandt\u00far\u00e1kat tekintette a program legvonz\u00f3bb kih\u00edv\u00e1s\u00e1nak, \u00e9s t\u00e1rsaival egy\u00fctt nagy lelkesed\u00e9ssel vett r\u00e9szt mind a Pilisben, mind a Bakonyban megval\u00f3sult exped\u00edci\u00f3n.<\/span><\/h3>\n<h3 style=\"text-align: justify;\"><span style=\"font-family: tahoma, arial, helvetica, sans-serif;\">A DofE program arra tan\u00edt, hogy \u00e9rdemes \u00f6nmagunkon dolgozni, r\u00e1ad\u00e1sul minden szorgalmas \u00e9s kitart\u00f3 r\u00e9sztvev\u0151 d\u00edjban r\u00e9szes\u00fcl. A saj\u00e1t fejl\u0151d\u00e9s\u00fcnkbe fektetett t\u00f6bbletmunka mindenk\u00e9ppen megt\u00e9r\u00fcl \u00e9let\u00fcnk sor\u00e1n, a nemzetk\u00f6zileg elismert d\u00edj pedig sokat jelenthet egy fiatal felfel\u00e9 \u00edvel\u0151 p\u00e1ly\u00e1j\u00e1n, hiszen a d\u00edjat sz\u00e1mos egyetem figyelembe veszi a felv\u00e9teli elj\u00e1r\u00e1s sor\u00e1n, \u00e9s az \u00e1ll\u00e1sinterj\u00fakon egyre t\u00f6bb munkaad\u00f3 r\u00e9szes\u00edti el\u0151nyben a d\u00edjazottakat.<\/span><\/h3>\n<h3 style=\"text-align: justify;\"><span style=\"font-family: tahoma, arial, helvetica, sans-serif;\">Gratul\u00e1lunk Edin\u00e1nak, \u00e9s tov\u00e1bbi kitart\u00e1st k\u00edv\u00e1nunk neki az \u00faj c\u00e9l, a DofE ez\u00fcst szintj\u00e9nek teljes\u00edt\u00e9s\u00e9hez!<\/span><\/h3>\n<h3 style=\"text-align: right;\"><span style=\"font-family: tahoma, arial, helvetica, sans-serif;\">K\u00f3sa Katalin DofE-koordin\u00e1tor<\/span><\/h3>\n<p><img loading=\"lazy\" decoding=\"async\" class=\"size-large wp-image-5881 aligncenter\" src=\"http:\/\/www.oagvm.sk\/wphu\/wp-content\/uploads\/2024\/10\/OAM_2512-1024x683.jpg\" alt=\"\" width=\"1024\" height=\"683\" srcset=\"http:\/\/www.oagvm.sk\/wphu\/wp-content\/uploads\/2024\/10\/OAM_2512-1024x683.jpg 1024w, http:\/\/www.oagvm.sk\/wphu\/wp-content\/uploads\/2024\/10\/OAM_2512-300x200.jpg 300w, http:\/\/www.oagvm.sk\/wphu\/wp-content\/uploads\/2024\/10\/OAM_2512-768x512.jpg 768w, http:\/\/www.oagvm.sk\/wphu\/wp-content\/uploads\/2024\/10\/OAM_2512-1536x1024.jpg 1536w, http:\/\/www.oagvm.sk\/wphu\/wp-content\/uploads\/2024\/10\/OAM_2512-2048x1365.jpg 2048w\" sizes=\"(max-width: 1024px) 100vw, 1024px\" \/><\/p>\n<h3 style=\"text-align: justify;\"><strong><span style=\"font-family: tahoma, arial, helvetica, sans-serif; color: #ff6600;\">DofE-kalandt\u00fara a Nagy Duna ment\u00e9n<\/span><\/strong><\/h3>\n<h3 style=\"text-align: justify;\"><span style=\"font-family: tahoma, arial, helvetica, sans-serif;\">Az Edinburgh Hercege Nemzetk\u00f6zi D\u00edj (DofE) elnevez\u00e9s\u0171 program a 2023\/2024-es tan\u00e9vben is folytat\u00f3dik iskol\u00e1nkon. A programba bejelentkezett tanul\u00f3ink k\u00f6z\u00fcl a legkitart\u00f3bbak m\u00e1r nagyr\u00e9szt teljes\u00edtett\u00e9k a tehets\u00e9gfejleszt\u00e9s, \u00f6nk\u00e9ntes t\u00e1rsadalmi munka \u00e9s a sport ter\u00e9n felv\u00e1llalt egy\u00e9ni c\u00e9lkit\u0171z\u00e9seiket. Jelenleg a program v\u00e9gs\u0151 f\u00e1zisa zajlik, amelynek keret\u00e9ben a r\u00e9sztvev\u0151k a napokban teljes\u00edtettek egy k\u00e9tnapos felk\u00e9sz\u00edt\u0151 kalandt\u00far\u00e1t a Nagy-Duna csall\u00f3k\u00f6zi partja ment\u00e9n.<\/span><\/h3>\n<h3 style=\"text-align: justify;\"><span style=\"font-family: tahoma, arial, helvetica, sans-serif;\">A felk\u00e9sz\u00edt\u0151 ker\u00e9kp\u00e1ros kalandt\u00far\u00e1ra 2024. m\u00e1jus 10-11-\u00e9n ker\u00fclt sor Gaty\u00e1s Edina (II.B), K\u00f6les Patrik (II.B), Czedli Kriszti\u00e1n (II.B) \u00e9s Menyh\u00e1rt Rajmund (I.B) r\u00e9szv\u00e9tel\u00e9vel. A t\u00fara c\u00e9lja az emberi tev\u00e9kenys\u00e9g term\u00e9szeti k\u00f6vetkezm\u00e9nyeinek megfigyel\u00e9se volt a Nagy-Duna Szapt\u00f3l a Nagyl\u00e9li-szigetig terjed\u0151 szakasz\u00e1n. A t\u00fara sor\u00e1n tanul\u00f3ink megismerkedtek a Csics\u00f3i-holt\u00e1g Nemzeti Term\u00e9szetv\u00e9delmi Ter\u00fclettel (m\u00e1s n\u00e9ven Lion-t\u00f3val), amely sz\u00e1mos v\u00e9dett \u00e1llat- \u00e9s n\u00f6v\u00e9nyfajnak ad otthont, tov\u00e1bb\u00e1 fontos \u00e1tmeneti pihen\u0151helye a k\u00f6lt\u0151z\u0151 madaraknak. Az exped\u00edci\u00f3 m\u00e1sodik \u00e1llom\u00e1sa a Nagyl\u00e9li-sziget volt, ahol di\u00e1kjaink a BROZ Bratislavsk\u00e9 region\u00e1lne ochran\u00e1rske zdru\u017eenie, magyarul Pozsonyi Region\u00e1lis Term\u00e9szetv\u00e9delmi Egyes\u00fclet) ekofarmj\u00e1t tekintett\u00e9k meg. A nap v\u00e9g\u00e9n a csapat tagjai a BROZ kempingj\u00e9ben t\u00e1boroztak le, \u00e9s s\u00e1torban t\u00f6lt\u00f6tt\u00e9k a kimondottan hideg \u00e9jszak\u00e1t. M\u00e1snap, a reggeli t\u00e1borbont\u00e1ssal az exped\u00edci\u00f3 v\u00e9get \u00e9rt, r\u00e9sztvev\u0151k pedig hazaindultak.<\/span><\/h3>\n<h3 style=\"text-align: justify;\"><span style=\"font-family: tahoma, arial, helvetica, sans-serif;\">Di\u00e1kjaink a t\u00fara sor\u00e1n mintegy 45 km-t tettek meg, ami kiv\u00e1l\u00f3 teljes\u00edtm\u00e9nynek sz\u00e1m\u00edt, hiszen a teljes felszerel\u00e9s\u00fcket is v\u00e9gig magukkal kellett vinni\u00fck. A r\u00e9sztvev\u0151k f\u00e1radtan, de sok hasznos tapasztalattal t\u00e9rtek haza a vid\u00e1m hangulat\u00fa, \u00e9lm\u00e9nyd\u00fas t\u00far\u00e1r\u00f3l. R\u00f6videsen k\u00f6vetkezik a folytat\u00e1s: a h\u00e1romnapos \u00e9les kalandt\u00fara, amelynek sor\u00e1n a r\u00e9sztvev\u0151k csall\u00f3k\u00f6zi v\u00edzimalmokat fognak felkeresni.<\/span><\/h3>\n<h3 style=\"text-align: right;\"><span style=\"font-family: tahoma, arial, helvetica, sans-serif;\">Papp L\u00e1szl\u00f3, a csapat felk\u00e9sz\u00edt\u0151je<\/span><\/h3>\n<p><img loading=\"lazy\" decoding=\"async\" class=\"size-large wp-image-5883 aligncenter\" src=\"http:\/\/www.oagvm.sk\/wphu\/wp-content\/uploads\/2024\/10\/kaland-1024x768.jpg\" alt=\"\" width=\"1024\" height=\"768\" srcset=\"http:\/\/www.oagvm.sk\/wphu\/wp-content\/uploads\/2024\/10\/kaland-1024x768.jpg 1024w, http:\/\/www.oagvm.sk\/wphu\/wp-content\/uploads\/2024\/10\/kaland-300x225.jpg 300w, http:\/\/www.oagvm.sk\/wphu\/wp-content\/uploads\/2024\/10\/kaland-768x576.jpg 768w, http:\/\/www.oagvm.sk\/wphu\/wp-content\/uploads\/2024\/10\/kaland.jpg 1380w\" sizes=\"(max-width: 1024px) 100vw, 1024px\" \/><\/p>\n","protected":false},"excerpt":{"rendered":"<p>&nbsp; &nbsp; Az Edinburgh Hercege Nemzetk\u00f6zi D\u00edj program ismertet\u00e9se az \u00c9let- \u00e9s eg\u00e9szs\u00e9gv\u00e9delmi nap keret\u00e9ben 2023. szeptember 14-\u00e9n \u00e9let- \u00e9s eg\u00e9szs\u00e9gv\u00e9delmi gyakorlatot tartottunk, amely szerves r\u00e9sz\u00e9t k\u00e9pezi iskol\u00e1nk nevel\u00e9si-oktat\u00e1si programj\u00e1nak. A nap esem\u00e9nyeibe az els\u0151 h\u00e1rom \u00e9vfolyam di\u00e1kjai kapcsol\u00f3dtak be. A gyakorlat c\u00e9lja az volt, hogy elm\u00e9leti ismeretek \u00e1tad\u00e1s\u00e1val hozz\u00e1j\u00e1ruljon a felel\u0151ss\u00e9gtudatos \u00e9letvitelhez n\u00e9lk\u00fcl\u00f6zhetetlen k\u00e9szs\u00e9gek, &#8230; <a title=\"Edinburgh \u2013 2023\/2024\" class=\"read-more\" href=\"http:\/\/www.oagvm.sk\/wphu\/?page_id=5867\" aria-label=\"Tov\u00e1bbiak Edinburgh \u2013 2023\/2024\">Olvass tov\u00e1bb<\/a><\/p>\n","protected":false},"author":2,"featured_media":0,"parent":2275,"menu_order":0,"comment_status":"closed","ping_status":"closed","template":"","meta":{"ngg_post_thumbnail":0,"footnotes":""},"_links":{"self":[{"href":"http:\/\/www.oagvm.sk\/wphu\/index.php?rest_route=\/wp\/v2\/pages\/5867"}],"collection":[{"href":"http:\/\/www.oagvm.sk\/wphu\/index.php?rest_route=\/wp\/v2\/pages"}],"about":[{"href":"http:\/\/www.oagvm.sk\/wphu\/index.php?rest_route=\/wp\/v2\/types\/page"}],"author":[{"embeddable":true,"href":"http:\/\/www.oagvm.sk\/wphu\/index.php?rest_route=\/wp\/v2\/users\/2"}],"replies":[{"embeddable":true,"href":"http:\/\/www.oagvm.sk\/wphu\/index.php?rest_route=%2Fwp%2Fv2%2Fcomments&post=5867"}],"version-history":[{"count":22,"href":"http:\/\/www.oagvm.sk\/wphu\/index.php?rest_route=\/wp\/v2\/pages\/5867\/revisions"}],"predecessor-version":[{"id":6058,"href":"http:\/\/www.oagvm.sk\/wphu\/index.php?rest_route=\/wp\/v2\/pages\/5867\/revisions\/6058"}],"up":[{"embeddable":true,"href":"http:\/\/www.oagvm.sk\/wphu\/index.php?rest_route=\/wp\/v2\/pages\/2275"}],"wp:attachment":[{"href":"http:\/\/www.oagvm.sk\/wphu\/index.php?rest_route=%2Fwp%2Fv2%2Fmedia&parent=5867"}],"curies":[{"name":"wp","href":"https:\/\/api.w.org\/{rel}","templated":true}]}}