{"id":3514,"date":"2022-12-13T10:16:57","date_gmt":"2022-12-13T09:16:57","guid":{"rendered":"http:\/\/www.oagvm.sk\/wpsk\/?page_id=3514"},"modified":"2025-04-23T12:44:15","modified_gmt":"2025-04-23T10:44:15","slug":"edinburgh-2022-2023","status":"publish","type":"page","link":"http:\/\/www.oagvm.sk\/wpsk\/?page_id=3514","title":{"rendered":"Edinburgh &#8211; 2022\/2023"},"content":{"rendered":"<h3><a href=\"http:\/\/www.oagvm.sk\/wpsk\/?page_id=2537\"><img loading=\"lazy\" class=\"alignnone size-full wp-image-2544\" src=\"http:\/\/www.oagvm.sk\/wpsk\/wp-content\/uploads\/2021\/07\/unas.png\" alt=\"\" width=\"98\" height=\"31\"><\/a><\/h3>\n<h3><a href=\"http:\/\/www.oagvm.sk\/wpsk\/?page_id=5009\"><img loading=\"lazy\" class=\"alignnone wp-image-5990 size-full\" title=\"http:\/\/www.oagvm.sk\/wphu\/?page_id=6007\" src=\"http:\/\/www.oagvm.sk\/wphu\/wp-content\/uploads\/2025\/04\/24-25.png\" alt=\"\" width=\"136\" height=\"31\"><\/a> <a href=\"http:\/\/www.oagvm.sk\/wpsk\/?page_id=4897\"><img loading=\"lazy\" class=\"alignnone wp-image-5863 size-full\" src=\"http:\/\/www.oagvm.sk\/wphu\/wp-content\/uploads\/2024\/10\/23-24-1.png\" alt=\"\" width=\"136\" height=\"31\"><\/a> <a href=\"http:\/\/www.oagvm.sk\/wpsk\/?page_id=3514\"><img loading=\"lazy\" class=\"alignnone wp-image-5864 size-full\" src=\"http:\/\/www.oagvm.sk\/wphu\/wp-content\/uploads\/2024\/10\/22-23-1.png\" alt=\"\" width=\"136\" height=\"31\"><\/a>&nbsp;<\/h3>\n<h3><a href=\"http:\/\/www.oagvm.sk\/wpsk\/?page_id=3510\"><img loading=\"lazy\" class=\"alignnone size-full wp-image-3515\" src=\"http:\/\/www.oagvm.sk\/wphu\/wp-content\/uploads\/2022\/11\/21-22-1.png\" alt=\"\" width=\"136\" height=\"31\"><\/a> <a href=\"http:\/\/www.oagvm.sk\/wpsk\/?page_id=2606\"><img loading=\"lazy\" class=\"alignnone size-full wp-image-2299\" src=\"http:\/\/www.oagvm.sk\/wphu\/wp-content\/uploads\/2021\/08\/20-21.png\" alt=\"\" width=\"136\" height=\"31\"><\/a> <a href=\"http:\/\/www.oagvm.sk\/wpsk\/?page_id=2604\"><img loading=\"lazy\" class=\"alignnone size-full wp-image-2298\" src=\"http:\/\/www.oagvm.sk\/wphu\/wp-content\/uploads\/2021\/08\/19-20.png\" alt=\"\" width=\"136\" height=\"31\"><\/a> <a href=\"http:\/\/www.oagvm.sk\/wpsk\/?page_id=2576\"><img loading=\"lazy\" class=\"alignnone size-full wp-image-2297\" src=\"http:\/\/www.oagvm.sk\/wphu\/wp-content\/uploads\/2021\/08\/18-19.png\" alt=\"\" width=\"136\" height=\"31\"><\/a><\/h3>\n<h3 style=\"text-align: justify;\"><strong>November 2022<\/strong><\/h3>\n<h3 style=\"text-align: justify;\"><span style=\"font-size: 18pt;\"><strong>Bronz a striebro pre \u010fal\u0161\u00edch dof\u00e1kov<\/strong><\/span><\/h3>\n<h3 style=\"text-align: justify;\">V tomto \u0161kolskom roku sa oce\u0148ovanie Dof\u00e1kov uskuto\u010dnilo 14. novembra 2022, v de\u0148, ke\u010f sa za\u010dal \u0161tudentsk\u00fd t\u00fd\u017ede\u0148 na na\u0161ej \u0161kole. Prv\u00fdm bodom programu cel\u00e9ho t\u00fd\u017ed\u0148a bola imatrikul\u00e1cia prv\u00e1kov v kult\u00farnom dome, kde sa zi\u0161la takmer cel\u00e1 \u0161kola. Pr\u00e1ve t\u00e1to udalos\u0165 bola v\u00fdbornou pr\u00edle\u017eitos\u0165ou na odovzdanie ocenen\u00ed dvom \u017eia\u010dkam, Bogl\u00e1rke So\u00f3kyovej, \u017eia\u010dke III.C triedy za ukon\u010denie Striebornej \u00farovne a R\u00e9ke Csiba, \u017eia\u010dke II.B triedy za Bronzov\u00fa \u00farove\u0148.<\/h3>\n<h3><a href=\"http:\/\/www.oagvm.sk\/wphirfolyam\/?p=7056\">http:\/\/www.oagvm.sk\/wphirfolyam\/?p=7056<\/a><\/h3>\n<div id=\"metaslider-id-3542\" style=\"width: 100%;\" class=\"ml-slider-3-27-0 metaslider metaslider-flex metaslider-3542 ml-slider nav-hidden\">\n    <div id=\"metaslider_container_3542\">\n        <div id=\"metaslider_3542\">\n            <ul aria-live=\"polite\" class=\"slides\">\n                <li style=\"display: block; width: 100%;\" class=\"slide-3548 ms-image\"><img src=\"http:\/\/www.oagvm.sk\/wpsk\/wp-content\/uploads\/2022\/12\/edinburgh-01-800x450.jpg\" height=\"450\" width=\"800\" alt=\"\" class=\"slider-3542 slide-3548\" title=\"edinburgh-01\" \/><\/li>\n                <li style=\"display: none; width: 100%;\" class=\"slide-3549 ms-image\"><img src=\"http:\/\/www.oagvm.sk\/wpsk\/wp-content\/uploads\/2022\/12\/edinburgh-02-800x450.jpg\" height=\"450\" width=\"800\" alt=\"\" class=\"slider-3542 slide-3549\" title=\"edinburgh-02\" \/><\/li>\n                <li style=\"display: none; width: 100%;\" class=\"slide-3550 ms-image\"><img src=\"http:\/\/www.oagvm.sk\/wpsk\/wp-content\/uploads\/2022\/12\/edinburgh-03-800x450.jpg\" height=\"450\" width=\"800\" alt=\"\" class=\"slider-3542 slide-3550\" title=\"edinburgh-03\" \/><\/li>\n                <li style=\"display: none; width: 100%;\" class=\"slide-3551 ms-image\"><img src=\"http:\/\/www.oagvm.sk\/wpsk\/wp-content\/uploads\/2022\/12\/edinburgh-04-800x450.jpg\" height=\"450\" width=\"800\" alt=\"\" class=\"slider-3542 slide-3551\" title=\"edinburgh-04\" \/><\/li>\n                <li style=\"display: none; width: 100%;\" class=\"slide-3552 ms-image\"><img src=\"http:\/\/www.oagvm.sk\/wpsk\/wp-content\/uploads\/2022\/12\/edinburgh-05-800x450.jpg\" height=\"450\" width=\"800\" alt=\"\" class=\"slider-3542 slide-3552\" title=\"edinburgh-05\" \/><\/li>\n            <\/ul>\n        <\/div>\n        \n    <\/div>\n<\/div>\n<h3>&nbsp;<\/h3>\n<h3><span style=\"font-size: 18pt;\"><strong>Oce\u0148ovanie \u00fa\u010dastn\u00edkov programu Medzin\u00e1rodn\u00e1 cena vojvodu z Edinburghu<\/strong><\/span><\/h3>\n<h3 style=\"text-align: justify;\">14. novembra 2022 sa za\u010dal na Obchodnej akad\u00e9mii vo Ve\u013ekom Mederi Akademick\u00fd t\u00fd\u017ede\u0148, ktor\u00e9ho cie\u013eom je pripomen\u00fa\u0165 si a netradi\u010dn\u00fdm vyu\u010dovan\u00edm osl\u00e1vi\u0165 De\u0148 boja za slobodu a demokraciu, ktor\u00fd si pripom\u00edname 17. novembra. Prv\u00fd de\u0148 tohto t\u00fd\u017ed\u0148a sa niesol v znamen\u00ed imatrikul\u00e1cie v pr\u00edtomnosti takmer celej \u0161koly, a preto bol tento de\u0148 v\u00fdbornou pr\u00edle\u017eitos\u0165ou na odovzdanie cien dvom \u00fa\u010dastn\u00ed\u010dkam programu Medzin\u00e1rodn\u00e1 cena vojvodu z Edinburghu. V\u0161etci pr\u00edtomn\u00ed \u017eiaci mohli by\u0165 svedkami oce\u0148ovacej cerem\u00f3nie a te\u0161i\u0165 sa so spolu\u017eia\u010dkami, ktor\u00e9 si mohli prevzia\u0165 t\u00fato uzn\u00e1van\u00fa medzin\u00e1rodn\u00fa cenu za svoju usilovnos\u0165 a vytrvalos\u0165.<br \/>\nBogl\u00e1rka So\u00f3ky, \u017eia\u010dka III.C triedy, dosiahla strieborn\u00fa \u00farove\u0148 v predch\u00e1dzaj\u00facom \u0161kolskom roku a jej hlavnou oblas\u0165ou bol rozvoj talentu, v r\u00e1mci ktor\u00e9ho vytvorila dve kolekcie \u0161perkov z kry\u0161t\u00e1lov a fimo plastel\u00edny. Pod\u013ea slov pani riadite\u013eky, ktor\u00e1 bola \u017eia\u010dkinou mentorkou, \u201e\u0161perky, ktor\u00e9 vytvorila, nosia v sebe harm\u00f3niu materi\u00e1lu a dizajnu. Jej k\u00fasky s\u00fa v\u00fdsostne nosite\u013en\u00e9, farebne a tvarovo jemne zladen\u00e9. Jej \u0161perky prin\u00e1\u0161aj\u00fa rados\u0165, kr\u00e1su a pote\u0161enie pre nosite\u013eov.\u201c<br \/>\nV oblasti \u0161portu sa Bogl\u00e1rka venovala behu, aby si posilnila kond\u00edciu, jej mentorom a poradcom bol p\u00e1n u\u010dite\u013e L\u00e1szl\u00f3 Papp a v oblasti dobrovo\u013en\u00edctva pracovala v \u0161kolskom programe Zelen\u00e1 \u0161kola, kde sa pod veden\u00edm pani u\u010dite\u013eky Klaudie Kiss z\u00fa\u010dastnila na aktivit\u00e1ch o environment\u00e1lnej ochrane a zv\u00fd\u0161en\u00ed povedomia o probl\u00e9moch.<br \/>\n\u010eal\u0161ou ocenenou \u017eia\u010dkou bola R\u00e9ka Csiba, \u017eia\u010dka II.B triedy, ktor\u00e1 dosiahla bronzov\u00fa \u00farove\u0148. Jej hlavnou aktivitou bol \u0161port \u2013 cvi\u010denie v posil\u0148ovni s cie\u013eom posilni\u0165 svaly a formova\u0165 postavu. Mentorom a hodnotite\u013eom tejto oblasti bol p\u00e1n u\u010dite\u013e Vojtech Hossz\u00fa. V rozvoji talentu R\u00e9ka \u010d\u00edtala knihy v anglickom jazyku pre lep\u0161iu slovn\u00fa z\u00e1sobu, jej aktivitu hodnotila pani u\u010dite\u013eka Kl\u00e1ra Bittera. V dobrovo\u013en\u00edctve sa tie\u017e venovala aktivit\u00e1m v Zelenej \u0161kole, a to eduk\u00e1cii a \u010disteniu okolia.<br \/>\nDobrodru\u017en\u00e1 exped\u00edcia sa uskuto\u010dnila v j\u00fani, najprv cvi\u010dn\u00e1 v pohor\u00ed Bakony, kde \u0161tvor\u010dlenn\u00fd t\u00edm str\u00e1vil dva dni a jednu noc v pr\u00edrode a kvalifika\u010dn\u00e1 exped\u00edcia bola v pohor\u00ed Pili\u0161, kde u\u017e \u00fa\u010dastn\u00edci str\u00e1vili tri dni a dve noci. Cie\u013eom exped\u00edci\u00ed bola turistika s obhliadkou historick\u00fdch stavieb a orient\u00e1cia v pr\u00edrode. \u0160kolite\u013eom exped\u00edci\u00ed je p\u00e1n u\u010dite\u013e L\u00e1szl\u00f3 Papp.<\/h3>\n<h3 style=\"text-align: justify;\">Gratulujeme \u017eia\u010dk\u00e1m k t\u00fdmto v\u00fdznemn\u00fdm cen\u00e1m a \u017eel\u00e1me im \u010fal\u0161ie \u00faspechy.<\/h3>\n<h3 style=\"text-align: right;\">Katar\u00edna K\u00f3sov\u00e1, koordin\u00e1torka programu<\/h3>\n<h3 style=\"text-align: justify;\"><span style=\"color: #ff6600;\"><strong><span style=\"font-family: tahoma, arial, helvetica, sans-serif; font-size: 18pt;\">Cvi\u010dn\u00e1 dobrodru\u017en\u00e1 exped\u00edcia v&nbsp;pohor\u00ed Bakony<\/span><\/strong><\/span><\/h3>\n<h3 style=\"text-align: justify;\"><span style=\"font-family: tahoma, arial, helvetica, sans-serif;\">Ako dobre viete, na na\u0161ej \u0161kole u\u017e roky funguje miestne centrum Medzin\u00e1rodnej ceny vojvodu z&nbsp;Edinburghu (DofE). V r\u00e1mci prest\u00ed\u017eneho programu sa v d\u0148och 29. a&nbsp;30. j\u00fana 2023 uskuto\u010dnila kvalifika\u010dn\u00e1 dobrodru\u017en\u00e1 exped\u00edcia v pohor\u00ed Bakony, ktorej hlavn\u00fdm cie\u013eom bolo obozn\u00e1mi\u0165 sa d\u00f4sledkami \u013eudskej \u010dinnosti (konkr\u00e9tne stavania horskej \u017eeleznice a&nbsp;ban\u00edctva) v pr\u00edrode. \u00da\u010dastn\u00edkmi dvojd\u0148ovej exped\u00edcie boli \u017eiaci I.B triedy: Gaty\u00e1s Edina, Beke Lili\u00e1na, K\u00f6les Patrik a Czedli Kriszti\u00e1n. \u010clenovia t\u00edmu po\u010das dvojd\u0148ovej t\u00fary vyh\u013eadali viadukty a tunely horskej \u017eeleznice v&nbsp;malebnom \u00fadol\u00ed potoka Cuha, nav\u0161t\u00edvili ruiny stredovek\u00e9ho hradu v&nbsp;obci Csesznek a&nbsp;zdolali aj \u010certovu priekopu. Dvojd\u0148ov\u00e1 exped\u00edcia bola pre \u00fa\u010dastn\u00edkov fyzicky ve\u013emi n\u00e1ro\u010dn\u00e1, 27 kilometrov dlh\u00fa trasu toti\u017e museli absolvova\u0165 pln\u00fdm batohom, pritom jednu noc str\u00e1vili v&nbsp;stanoch. \u010clenovia t\u00edmu dorazili domov unaven\u00ed, ale pln\u00ed z\u00e1\u017eitkov.<\/span><\/h3>\n<h3 style=\"text-align: justify;\"><span style=\"font-family: tahoma, arial, helvetica, sans-serif;\"><em>L\u00e1szl\u00f3 Papp<\/em> (\u0161kolite\u013e t\u00edmu)<\/span><\/h3>\n<h3 style=\"text-align: justify;\"><img loading=\"lazy\" class=\"alignnone size-full wp-image-4914\" src=\"http:\/\/www.oagvm.sk\/wpsk\/wp-content\/uploads\/2024\/10\/IMG_20240607_095000_234-scaled.jpg\" alt=\"\" width=\"2560\" height=\"1918\" srcset=\"http:\/\/www.oagvm.sk\/wpsk\/wp-content\/uploads\/2024\/10\/IMG_20240607_095000_234-scaled.jpg 2560w, http:\/\/www.oagvm.sk\/wpsk\/wp-content\/uploads\/2024\/10\/IMG_20240607_095000_234-300x225.jpg 300w, http:\/\/www.oagvm.sk\/wpsk\/wp-content\/uploads\/2024\/10\/IMG_20240607_095000_234-1024x767.jpg 1024w, http:\/\/www.oagvm.sk\/wpsk\/wp-content\/uploads\/2024\/10\/IMG_20240607_095000_234-768x575.jpg 768w, http:\/\/www.oagvm.sk\/wpsk\/wp-content\/uploads\/2024\/10\/IMG_20240607_095000_234-1536x1151.jpg 1536w, http:\/\/www.oagvm.sk\/wpsk\/wp-content\/uploads\/2024\/10\/IMG_20240607_095000_234-2048x1535.jpg 2048w\" sizes=\"(max-width: 2560px) 100vw, 2560px\" \/><\/h3>\n","protected":false},"excerpt":{"rendered":"<p>&nbsp; November 2022 Bronz a striebro pre \u010fal\u0161\u00edch dof\u00e1kov V tomto \u0161kolskom roku sa oce\u0148ovanie Dof\u00e1kov uskuto\u010dnilo 14. novembra 2022, v de\u0148, ke\u010f sa za\u010dal \u0161tudentsk\u00fd t\u00fd\u017ede\u0148 na na\u0161ej \u0161kole. Prv\u00fdm bodom programu cel\u00e9ho t\u00fd\u017ed\u0148a bola imatrikul\u00e1cia prv\u00e1kov v kult\u00farnom dome, kde sa zi\u0161la takmer cel\u00e1 \u0161kola. Pr\u00e1ve t\u00e1to udalos\u0165 bola v\u00fdbornou pr\u00edle\u017eitos\u0165ou na odovzdanie &#8230; <a title=\"Edinburgh &#8211; 2022\/2023\" class=\"read-more\" href=\"http:\/\/www.oagvm.sk\/wpsk\/?page_id=3514\">\u010c\u00edta\u0165 viac<span class=\"screen-reader-text\">Edinburgh &#8211; 2022\/2023<\/span><\/a><\/p>\n","protected":false},"author":1,"featured_media":0,"parent":2546,"menu_order":0,"comment_status":"closed","ping_status":"closed","template":"","meta":{"ngg_post_thumbnail":0},"_links":{"self":[{"href":"http:\/\/www.oagvm.sk\/wpsk\/index.php?rest_route=\/wp\/v2\/pages\/3514"}],"collection":[{"href":"http:\/\/www.oagvm.sk\/wpsk\/index.php?rest_route=\/wp\/v2\/pages"}],"about":[{"href":"http:\/\/www.oagvm.sk\/wpsk\/index.php?rest_route=\/wp\/v2\/types\/page"}],"author":[{"embeddable":true,"href":"http:\/\/www.oagvm.sk\/wpsk\/index.php?rest_route=\/wp\/v2\/users\/1"}],"replies":[{"embeddable":true,"href":"http:\/\/www.oagvm.sk\/wpsk\/index.php?rest_route=%2Fwp%2Fv2%2Fcomments&post=3514"}],"version-history":[{"count":13,"href":"http:\/\/www.oagvm.sk\/wpsk\/index.php?rest_route=\/wp\/v2\/pages\/3514\/revisions"}],"predecessor-version":[{"id":5034,"href":"http:\/\/www.oagvm.sk\/wpsk\/index.php?rest_route=\/wp\/v2\/pages\/3514\/revisions\/5034"}],"up":[{"embeddable":true,"href":"http:\/\/www.oagvm.sk\/wpsk\/index.php?rest_route=\/wp\/v2\/pages\/2546"}],"wp:attachment":[{"href":"http:\/\/www.oagvm.sk\/wpsk\/index.php?rest_route=%2Fwp%2Fv2%2Fmedia&parent=3514"}],"curies":[{"name":"wp","href":"https:\/\/api.w.org\/{rel}","templated":true}]}}