{"id":5404,"date":"2025-11-06T09:55:08","date_gmt":"2025-11-06T08:55:08","guid":{"rendered":"http:\/\/www.oagvm.sk\/wpsk\/?page_id=5404"},"modified":"2025-11-06T09:56:44","modified_gmt":"2025-11-06T08:56:44","slug":"erasmus-wien-2025-oktober","status":"publish","type":"page","link":"http:\/\/www.oagvm.sk\/wpsk\/?page_id=5404","title":{"rendered":"Erasmus+ Wien 2025 okt\u00f3ber"},"content":{"rendered":"<table width=\"670\">\n<tbody>\n<tr>\n<td width=\"355\"><strong>Viede\u0148 &#8211; B\u00e9cs<\/strong><\/td>\n<td width=\"684\">11.okt\u00f3ber 2025 \u2013 24. okt\u00f3ber 2025<\/td>\n<\/tr>\n<tr>\n<td width=\"355\">Projekt \u010d.&nbsp;<\/td>\n<td width=\"684\"><strong>2025-1-SK01-KA121-VET-000318263<\/strong><\/td>\n<\/tr>\n<tr>\n<td width=\"355\">N\u00e1zov projektu:&nbsp;&nbsp;<\/td>\n<td width=\"684\"><strong>Odborn\u00e1 prax za hranicami<br \/>\nHat\u00e1ron t\u00fali szakmai gyakorlat<\/strong><\/td>\n<\/tr>\n<\/tbody>\n<\/table>\n<h3 style=\"text-align: justify;\"><strong><span style=\"color: #ff6600;\"><span style=\"font-family: tahoma, arial, helvetica, sans-serif;\">&nbsp;<\/span><span style=\"font-family: tahoma, arial, helvetica, sans-serif;\">Odborn\u00e1 prax vo Viedni<\/span><\/span><\/strong><\/h3>\n<h3 style=\"text-align: justify;\"><span style=\"font-family: tahoma, arial, helvetica, sans-serif;\">Z\u00edska\u0165 pracovn\u00e9 sk\u00fasenosti v zahrani\u010d\u00ed a pritom sa vymani\u0165 z be\u017en\u00e9ho prostredia je pre stredo\u0161kol\u00e1ka ve\u013ekou v\u00fdzvou, no z\u00e1rove\u0148 aj v\u00fdnimo\u010dnou pr\u00edle\u017eitos\u0165ou na odborn\u00fd i osobnostn\u00fd rozvoj. \u017diaci Obchodnej akad\u00e9mie vo Ve\u013ekom Mederi sa v \u0161kolskom roku 2025\/2026 op\u00e4\u0165 z\u00fa\u010dastnili zahrani\u010dnej odbornej praxe v r\u00e1mci projektu Erasmus+ mobilita. Desa\u0165 \u0161tudentov str\u00e1vilo dva t\u00fd\u017edne vo Viedni, kde p\u00f4sobili na pracovisk\u00e1ch zodpovedaj\u00facich ich \u0161tudijn\u00e9mu zameraniu.<\/span><\/h3>\n<h3 style=\"text-align: justify;\"><span style=\"font-family: tahoma, arial, helvetica, sans-serif;\">Odborn\u00e1 prax sa konala od 11. do 24. okt\u00f3bra 2025. \u0160tudenti pracovali v r\u00f4znych viedensk\u00fdch podnikoch a mali mo\u017enos\u0165 overi\u0165 si svoje teoretick\u00e9 vedomosti v re\u00e1lnej praxi. Popri pracovn\u00fdch povinnostiach sa z\u00fa\u010dastnili aj kult\u00farnych a vo\u013eno\u010dasov\u00fdch podujat\u00ed, ktor\u00e9 pripravili sprev\u00e1dzaj\u00face u\u010dite\u013eky Angela Baranyai a Katar\u00edna K\u00f3sov\u00e1. Medzi najzauj\u00edmavej\u0161ie z\u00e1\u017eitky patrila n\u00e1v\u0161teva z\u00e1mku Sch\u00f6nbrunn, \u0160t\u00e1tnej opery, Pr\u00e1tra, m\u00fazea Madame Tussauds, Umeleckohistorick\u00e9ho m\u00fazea, Hundertwasserovho domu a viacer\u00fdch kr\u00e1snych parkov.<\/span><\/h3>\n<h3 style=\"text-align: justify;\"><span style=\"font-family: tahoma, arial, helvetica, sans-serif;\">Na\u0161a \u0161kola pova\u017euje za svoju hlavn\u00fa \u00falohu poskytova\u0165 vzdel\u00e1vanie, ktor\u00e9 zodpoved\u00e1 po\u017eiadavk\u00e1m trhu pr\u00e1ce. To zah\u0155\u0148a nielen odborn\u00e9 vedomosti, ale aj rozvoj jazykov\u00fdch kompetenci\u00ed, efekt\u00edvnej komunik\u00e1cie a digit\u00e1lnych zru\u010dnost\u00ed. Cie\u013eom projektu bolo umo\u017eni\u0165 \u0161tudentom z\u00edska\u0165 tak\u00fa \u00farove\u0148 odborn\u00e9ho jazykov\u00e9ho prejavu a sebaistoty, aby vedeli svoje vedomosti a sk\u00fasenosti uplatni\u0165 aj v cudzom pracovnom prostred\u00ed. Pod\u013ea sp\u00e4tnej v\u00e4zby prij\u00edmaj\u00facich organiz\u00e1ci\u00ed \u0161tudenti vykon\u00e1vali svoju pr\u00e1cu odborne, zodpovedne a s vysokou kult\u00farnou \u00farov\u0148ou. Medzi ich \u00falohy patrilo vedenie evidencie, vyp\u013a\u0148anie finan\u010dn\u00fdch dokladov, spracovanie administrat\u00edvnych spisov, komunik\u00e1cia so z\u00e1kazn\u00edkmi a pou\u017e\u00edvanie modern\u00fdch kancel\u00e1rskych softv\u00e9rov.<\/span><\/h3>\n<h3 style=\"text-align: justify;\"><span style=\"font-family: tahoma, arial, helvetica, sans-serif;\">Projekt Erasmus+ naplnil svoje ciele a o\u010dak\u00e1vania v plnej miere. \u00da\u010dastn\u00edci si v\u00fdrazne zlep\u0161ili odborn\u00e9 znalosti, schopnos\u0165 rie\u0161i\u0165 probl\u00e9my, jazykov\u00e9 kompetencie a z\u00e1rove\u0148 sa posilnila ich motiv\u00e1cia k \u010fal\u0161iemu vzdel\u00e1vaniu. Program prispel aj k rozvoju osobnostn\u00fdch vlastnost\u00ed \u2013 podporil samostatnos\u0165, sebapoznanie, cie\u013eavedomos\u0165, sebavedomie a spolo\u010densk\u00e9 zru\u010dnosti. Po\u010das pobytu vo Viedni \u0161tudenti spoznali pracovn\u00fa kult\u00faru inej krajiny, nadviazali nov\u00e9 kontakty a otvorili sa kult\u00farnej rozmanitosti.<\/span><\/h3>\n<h3 style=\"text-align: justify;\"><span style=\"font-family: tahoma, arial, helvetica, sans-serif;\">Sl\u00e1vnostn\u00e9 ukon\u010denie projektu sa uskuto\u010dn\u00ed odovzdan\u00edm certifik\u00e1tov Europass \u2013 Mobilita, ktor\u00e9 potvrdzuj\u00fa absolvovanie zahrani\u010dnej odbornej praxe. Na\u0161i \u017eiaci si uvedomuj\u00fa, \u017ee \u0161kola im poskytla pr\u00edle\u017eitos\u0165, ktor\u00e1 im v bud\u00facnosti v\u00fdznamne pom\u00f4\u017ee pri uplatnen\u00ed sa na trhu pr\u00e1ce.<\/span><\/h3>\n<h3 style=\"text-align: right;\"><span style=\"font-family: tahoma, arial, helvetica, sans-serif;\"><em>Ing. Angela Baranyai, <\/em>koordin\u00e1torka, u\u010dite\u013eka odborn\u00fdch ekonomick\u00fdch predmetov<\/span><\/h3>\n<h3><strong><span style=\"font-family: tahoma, arial, helvetica, sans-serif; color: #ff6600;\">K\u00fclf\u00f6ldi szakmai gyakorlat B\u00e9csben<\/span><\/strong><\/h3>\n<h3 style=\"text-align: justify;\"><span style=\"font-family: tahoma, arial, helvetica, sans-serif;\"><strong>&nbsp;<\/strong><\/span><span style=\"font-family: tahoma, arial, helvetica, sans-serif;\">A megszokott k\u00f6rnyezetb\u0151l val\u00f3 kiszakad\u00e1s \u00e9s a k\u00fclf\u00f6ldi munkatapasztalat megszerz\u00e9se nagy kih\u00edv\u00e1s egy k\u00f6z\u00e9piskol\u00e1s sz\u00e1m\u00e1ra, ugyanakkor kiv\u00e9teles lehet\u0151s\u00e9g a szakmai fejl\u0151d\u00e9sre is. A Nagymegyeri Kereskedelmi Akad\u00e9mia di\u00e1kjai a 2025\/2026-os tan\u00e9vben az Erasmus+ mobilit\u00e1si projektnek k\u00f6sz\u00f6nhet\u0151en ism\u00e9t k\u00fclf\u00f6ldi szakmai gyakorlaton vehettek r\u00e9szt. T\u00edz tanul\u00f3nk k\u00e9t hetet t\u00f6lthetett B\u00e9csben, ahol szakir\u00e1nyuknak megfelel\u0151 munkahelyeken dolgoztak.<\/span><\/h3>\n<h3 style=\"text-align: justify;\"><span style=\"font-family: tahoma, arial, helvetica, sans-serif;\">A gyakorlatra 2025. okt\u00f3ber 11. \u00e9s 24. k\u00f6z\u00f6tt ker\u00fclt sor. A di\u00e1kok k\u00fcl\u00f6nb\u00f6z\u0151 b\u00e9csi v\u00e1llalatokn\u00e1l v\u00e9geztek munk\u00e1t, \u00e9s a mindennapi feladatok sor\u00e1n lehet\u0151s\u00e9g\u00fck volt elm\u00e9leti tud\u00e1sukat a gyakorlatban is kamatoztatni. A szakmai munka mellett a tanul\u00f3k szabadid\u0151s programokon is r\u00e9szt vettek, melyeket Baranyai Ang\u00e9la \u00e9s K\u00f3sa Katalin tan\u00e1rn\u0151k szerveztek. A b\u00e9csi tart\u00f3zkod\u00e1s felejthetetlen \u00e9lm\u00e9nyei k\u00f6z\u00e9 tartozott t\u00f6bbek k\u00f6z\u00f6tt a Sch\u00f6nbrunni kast\u00e9ly, az Operah\u00e1z, a Pr\u00e1ter, Madame Tussauds Panoptikuma, a Sz\u00e9pm\u0171v\u00e9szeti M\u00fazeum, a Hundertwasser-h\u00e1z, valamint sz\u00e1mos gy\u00f6ny\u00f6r\u0171 park megtekint\u00e9se.<\/span><\/h3>\n<h3 style=\"text-align: justify;\"><span style=\"font-family: tahoma, arial, helvetica, sans-serif;\">Iskol\u00e1nk egyik legfontosabb c\u00e9lja, hogy oktat\u00e1sunk megfeleljen a munkaer\u0151piac elv\u00e1r\u00e1sainak. Ez nemcsak a szakmai ismeretek \u00e1tad\u00e1s\u00e1t jelenti, hanem a hat\u00e9kony idegennyelvi kommunik\u00e1ci\u00f3 \u00e9s az informatikai k\u00e9szs\u00e9gek fejleszt\u00e9s\u00e9t is. A projekt c\u00e9lja az volt, hogy di\u00e1kjaink olyan szint\u0171 szaknyelvi tud\u00e1st \u00e9s \u00f6n\u00e1ll\u00f3s\u00e1got szerezzenek, amely lehet\u0151v\u00e9 teszi sz\u00e1mukra, hogy idegen k\u00f6rnyezetben is sikeresen dolgozzanak. A fogad\u00f3 munkahelyek visszajelz\u00e9sei alapj\u00e1n a r\u00e9sztvev\u0151 di\u00e1kok szakszer\u0171en, megb\u00edzhat\u00f3an \u00e9s kultur\u00e1ltan v\u00e9gezt\u00e9k munk\u00e1jukat. Feladataik k\u00f6z\u00f6tt szerepelt p\u00e9ld\u00e1ul k\u00fcl\u00f6nf\u00e9le nyilv\u00e1ntart\u00e1sok vezet\u00e9se, p\u00e9nz\u00fcgyi bizonylatok kit\u00f6lt\u00e9se, \u00fcgyiratkezel\u00e9s, \u00fcgyf\u00e9lkapcsolatok bonyol\u00edt\u00e1sa, valamint irodai szoftverek haszn\u00e1lata.<\/span><\/h3>\n<h3 style=\"text-align: justify;\"><span style=\"font-family: tahoma, arial, helvetica, sans-serif;\">\u00d6sszegz\u00e9sk\u00e9nt elmondhat\u00f3, hogy az Erasmus+ projekt c\u00e9lkit\u0171z\u00e9sei teljes m\u00e9rt\u00e9kben megval\u00f3sultak. A di\u00e1kok szakmai felk\u00e9sz\u00fclts\u00e9ge, probl\u00e9mamegold\u00f3 k\u00e9pess\u00e9ge \u00e9s idegennyelvtud\u00e1sa jelent\u0151sen fejl\u0151d\u00f6tt, emellett n\u0151tt a tanul\u00e1s ir\u00e1nti motiv\u00e1ci\u00f3juk is. A program a szem\u00e9lyis\u00e9gfejl\u0151d\u00e9s ter\u00e9n is sokat adott: fejlesztette az \u00f6n\u00e1ll\u00f3s\u00e1got, az \u00f6nismeretet, a magabiztoss\u00e1got \u00e9s a t\u00e1rsas kapcsolatok kialak\u00edt\u00e1s\u00e1nak k\u00e9pess\u00e9g\u00e9t. A tanul\u00f3k b\u00e9csi tart\u00f3zkod\u00e1suk sor\u00e1n betekint\u00e9st nyertek egy m\u00e1sik orsz\u00e1g munkakult\u00far\u00e1j\u00e1ba, \u00faj bar\u00e1ts\u00e1gokat k\u00f6t\u00f6ttek, \u00e9s nyitottabb\u00e1 v\u00e1ltak a kultur\u00e1lis soksz\u00edn\u0171s\u00e9gre.<\/span><\/h3>\n<h3 style=\"text-align: justify;\"><span style=\"font-family: tahoma, arial, helvetica, sans-serif;\">A program a k\u00fclf\u00f6ldi szakmai gyakorlatot tan\u00fas\u00edt\u00f3 Europass Mobilit\u00e1si bizony\u00edtv\u00e1nyok \u00fcnnep\u00e9lyes \u00e1tad\u00e1s\u00e1val fog z\u00e1rulni. Di\u00e1kjaink tudj\u00e1k, hogy ezzel az iskol\u00e1nk \u00e1ltal biztos\u00edtott lehet\u0151s\u00e9ggel fontos el\u0151nyre tettek szert a munkaer\u0151piacon, amelyet a k\u00f6zelj\u00f6v\u0151ben bizony\u00e1ra kamatoztatni is fognak.<\/span><\/h3>\n<h3 style=\"text-align: right;\"><span style=\"font-family: tahoma, arial, helvetica, sans-serif;\"><em>Ing. Baranyai Ang\u00e9la<\/em>, koordin\u00e1tor, szaktan\u00e1r<\/span><\/h3>\n<p>&nbsp;<\/p>\n<div id=\"metaslider-id-5357\" style=\"width: 100%;\" class=\"ml-slider-3-27-0 metaslider metaslider-flex metaslider-5357 ml-slider nav-hidden\">\n    <div id=\"metaslider_container_5357\">\n        <div id=\"metaslider_5357\">\n            <ul aria-live=\"polite\" class=\"slides\">\n                <li style=\"display: block; width: 100%;\" class=\"slide-5381 ms-image\"><img width=\"900\" height=\"507\" src=\"http:\/\/www.oagvm.sk\/wpsk\/wp-content\/uploads\/2025\/11\/0.jpg\" class=\"slider-5357 slide-5381\" alt=\"\" loading=\"lazy\" rel=\"\" title=\"0\" srcset=\"http:\/\/www.oagvm.sk\/wpsk\/wp-content\/uploads\/2025\/11\/0.jpg 900w, http:\/\/www.oagvm.sk\/wpsk\/wp-content\/uploads\/2025\/11\/0-300x169.jpg 300w, http:\/\/www.oagvm.sk\/wpsk\/wp-content\/uploads\/2025\/11\/0-768x433.jpg 768w\" sizes=\"(max-width: 900px) 100vw, 900px\" \/><\/li>\n                <li style=\"display: none; width: 100%;\" class=\"slide-5382 ms-image\"><img width=\"507\" height=\"900\" src=\"http:\/\/www.oagvm.sk\/wpsk\/wp-content\/uploads\/2025\/11\/20251011_120119.jpg\" class=\"slider-5357 slide-5382\" alt=\"\" loading=\"lazy\" rel=\"\" title=\"20251011_120119\" srcset=\"http:\/\/www.oagvm.sk\/wpsk\/wp-content\/uploads\/2025\/11\/20251011_120119.jpg 507w, http:\/\/www.oagvm.sk\/wpsk\/wp-content\/uploads\/2025\/11\/20251011_120119-169x300.jpg 169w\" sizes=\"(max-width: 507px) 100vw, 507px\" \/><\/li>\n                <li style=\"display: none; width: 100%;\" class=\"slide-5383 ms-image\"><img width=\"900\" height=\"507\" src=\"http:\/\/www.oagvm.sk\/wpsk\/wp-content\/uploads\/2025\/11\/20251013_085754.jpg\" class=\"slider-5357 slide-5383\" alt=\"\" loading=\"lazy\" rel=\"\" title=\"20251013_085754\" srcset=\"http:\/\/www.oagvm.sk\/wpsk\/wp-content\/uploads\/2025\/11\/20251013_085754.jpg 900w, http:\/\/www.oagvm.sk\/wpsk\/wp-content\/uploads\/2025\/11\/20251013_085754-300x169.jpg 300w, http:\/\/www.oagvm.sk\/wpsk\/wp-content\/uploads\/2025\/11\/20251013_085754-768x433.jpg 768w\" sizes=\"(max-width: 900px) 100vw, 900px\" \/><\/li>\n                <li style=\"display: none; width: 100%;\" class=\"slide-5384 ms-image\"><img width=\"507\" height=\"900\" src=\"http:\/\/www.oagvm.sk\/wpsk\/wp-content\/uploads\/2025\/11\/20251013_103456.jpg\" class=\"slider-5357 slide-5384\" alt=\"\" loading=\"lazy\" rel=\"\" title=\"20251013_103456\" srcset=\"http:\/\/www.oagvm.sk\/wpsk\/wp-content\/uploads\/2025\/11\/20251013_103456.jpg 507w, http:\/\/www.oagvm.sk\/wpsk\/wp-content\/uploads\/2025\/11\/20251013_103456-169x300.jpg 169w\" sizes=\"(max-width: 507px) 100vw, 507px\" \/><\/li>\n                <li style=\"display: none; width: 100%;\" class=\"slide-5385 ms-image\"><img width=\"507\" height=\"900\" src=\"http:\/\/www.oagvm.sk\/wpsk\/wp-content\/uploads\/2025\/11\/20251013_182413.jpg\" class=\"slider-5357 slide-5385\" alt=\"\" loading=\"lazy\" rel=\"\" title=\"20251013_182413\" srcset=\"http:\/\/www.oagvm.sk\/wpsk\/wp-content\/uploads\/2025\/11\/20251013_182413.jpg 507w, http:\/\/www.oagvm.sk\/wpsk\/wp-content\/uploads\/2025\/11\/20251013_182413-169x300.jpg 169w\" sizes=\"(max-width: 507px) 100vw, 507px\" \/><\/li>\n                <li style=\"display: none; width: 100%;\" class=\"slide-5386 ms-image\"><img width=\"900\" height=\"507\" src=\"http:\/\/www.oagvm.sk\/wpsk\/wp-content\/uploads\/2025\/11\/20251014_195058.jpg\" class=\"slider-5357 slide-5386\" alt=\"\" loading=\"lazy\" rel=\"\" title=\"20251014_195058\" srcset=\"http:\/\/www.oagvm.sk\/wpsk\/wp-content\/uploads\/2025\/11\/20251014_195058.jpg 900w, http:\/\/www.oagvm.sk\/wpsk\/wp-content\/uploads\/2025\/11\/20251014_195058-300x169.jpg 300w, http:\/\/www.oagvm.sk\/wpsk\/wp-content\/uploads\/2025\/11\/20251014_195058-768x433.jpg 768w\" sizes=\"(max-width: 900px) 100vw, 900px\" \/><\/li>\n                <li style=\"display: none; width: 100%;\" class=\"slide-5387 ms-image\"><img width=\"507\" height=\"900\" src=\"http:\/\/www.oagvm.sk\/wpsk\/wp-content\/uploads\/2025\/11\/20251016_151229.jpg\" class=\"slider-5357 slide-5387\" alt=\"\" loading=\"lazy\" rel=\"\" title=\"20251016_151229\" srcset=\"http:\/\/www.oagvm.sk\/wpsk\/wp-content\/uploads\/2025\/11\/20251016_151229.jpg 507w, http:\/\/www.oagvm.sk\/wpsk\/wp-content\/uploads\/2025\/11\/20251016_151229-169x300.jpg 169w\" sizes=\"(max-width: 507px) 100vw, 507px\" \/><\/li>\n                <li style=\"display: none; width: 100%;\" class=\"slide-5388 ms-image\"><img width=\"507\" height=\"900\" src=\"http:\/\/www.oagvm.sk\/wpsk\/wp-content\/uploads\/2025\/11\/20251016_163958.jpg\" class=\"slider-5357 slide-5388\" alt=\"\" loading=\"lazy\" rel=\"\" title=\"20251016_163958\" srcset=\"http:\/\/www.oagvm.sk\/wpsk\/wp-content\/uploads\/2025\/11\/20251016_163958.jpg 507w, http:\/\/www.oagvm.sk\/wpsk\/wp-content\/uploads\/2025\/11\/20251016_163958-169x300.jpg 169w\" sizes=\"(max-width: 507px) 100vw, 507px\" \/><\/li>\n                <li style=\"display: none; width: 100%;\" class=\"slide-5389 ms-image\"><img width=\"507\" height=\"900\" src=\"http:\/\/www.oagvm.sk\/wpsk\/wp-content\/uploads\/2025\/11\/20251017_112548.jpg\" class=\"slider-5357 slide-5389\" alt=\"\" loading=\"lazy\" rel=\"\" title=\"20251017_112548\" srcset=\"http:\/\/www.oagvm.sk\/wpsk\/wp-content\/uploads\/2025\/11\/20251017_112548.jpg 507w, http:\/\/www.oagvm.sk\/wpsk\/wp-content\/uploads\/2025\/11\/20251017_112548-169x300.jpg 169w\" sizes=\"(max-width: 507px) 100vw, 507px\" \/><\/li>\n                <li style=\"display: none; width: 100%;\" class=\"slide-5390 ms-image\"><img width=\"900\" height=\"507\" src=\"http:\/\/www.oagvm.sk\/wpsk\/wp-content\/uploads\/2025\/11\/20251019_104217.jpg\" class=\"slider-5357 slide-5390\" alt=\"\" loading=\"lazy\" rel=\"\" title=\"20251019_104217\" srcset=\"http:\/\/www.oagvm.sk\/wpsk\/wp-content\/uploads\/2025\/11\/20251019_104217.jpg 900w, http:\/\/www.oagvm.sk\/wpsk\/wp-content\/uploads\/2025\/11\/20251019_104217-300x169.jpg 300w, http:\/\/www.oagvm.sk\/wpsk\/wp-content\/uploads\/2025\/11\/20251019_104217-768x433.jpg 768w\" sizes=\"(max-width: 900px) 100vw, 900px\" \/><\/li>\n                <li style=\"display: none; width: 100%;\" class=\"slide-5391 ms-image\"><img width=\"507\" height=\"900\" src=\"http:\/\/www.oagvm.sk\/wpsk\/wp-content\/uploads\/2025\/11\/20251019_152103.jpg\" class=\"slider-5357 slide-5391\" alt=\"\" loading=\"lazy\" rel=\"\" title=\"20251019_152103\" srcset=\"http:\/\/www.oagvm.sk\/wpsk\/wp-content\/uploads\/2025\/11\/20251019_152103.jpg 507w, http:\/\/www.oagvm.sk\/wpsk\/wp-content\/uploads\/2025\/11\/20251019_152103-169x300.jpg 169w\" sizes=\"(max-width: 507px) 100vw, 507px\" \/><\/li>\n                <li style=\"display: none; width: 100%;\" class=\"slide-5392 ms-image\"><img width=\"900\" height=\"507\" src=\"http:\/\/www.oagvm.sk\/wpsk\/wp-content\/uploads\/2025\/11\/20251023_180139.jpg\" class=\"slider-5357 slide-5392\" alt=\"\" loading=\"lazy\" rel=\"\" title=\"20251023_180139\" srcset=\"http:\/\/www.oagvm.sk\/wpsk\/wp-content\/uploads\/2025\/11\/20251023_180139.jpg 900w, http:\/\/www.oagvm.sk\/wpsk\/wp-content\/uploads\/2025\/11\/20251023_180139-300x169.jpg 300w, http:\/\/www.oagvm.sk\/wpsk\/wp-content\/uploads\/2025\/11\/20251023_180139-768x433.jpg 768w\" sizes=\"(max-width: 900px) 100vw, 900px\" \/><\/li>\n                <li style=\"display: none; width: 100%;\" class=\"slide-5393 ms-image\"><img width=\"675\" height=\"900\" src=\"http:\/\/www.oagvm.sk\/wpsk\/wp-content\/uploads\/2025\/11\/1000006584.jpg\" class=\"slider-5357 slide-5393\" alt=\"\" loading=\"lazy\" rel=\"\" title=\"1000006584\" srcset=\"http:\/\/www.oagvm.sk\/wpsk\/wp-content\/uploads\/2025\/11\/1000006584.jpg 675w, http:\/\/www.oagvm.sk\/wpsk\/wp-content\/uploads\/2025\/11\/1000006584-225x300.jpg 225w\" sizes=\"(max-width: 675px) 100vw, 675px\" \/><\/li>\n                <li style=\"display: none; width: 100%;\" class=\"slide-5394 ms-image\"><img width=\"675\" height=\"900\" src=\"http:\/\/www.oagvm.sk\/wpsk\/wp-content\/uploads\/2025\/11\/1000006587.jpg\" class=\"slider-5357 slide-5394\" alt=\"\" loading=\"lazy\" rel=\"\" title=\"1000006587\" srcset=\"http:\/\/www.oagvm.sk\/wpsk\/wp-content\/uploads\/2025\/11\/1000006587.jpg 675w, http:\/\/www.oagvm.sk\/wpsk\/wp-content\/uploads\/2025\/11\/1000006587-225x300.jpg 225w\" sizes=\"(max-width: 675px) 100vw, 675px\" \/><\/li>\n                <li style=\"display: none; width: 100%;\" class=\"slide-5395 ms-image\"><img width=\"675\" height=\"900\" src=\"http:\/\/www.oagvm.sk\/wpsk\/wp-content\/uploads\/2025\/11\/1000024567.jpg\" class=\"slider-5357 slide-5395\" alt=\"\" loading=\"lazy\" rel=\"\" title=\"1000024567\" srcset=\"http:\/\/www.oagvm.sk\/wpsk\/wp-content\/uploads\/2025\/11\/1000024567.jpg 675w, http:\/\/www.oagvm.sk\/wpsk\/wp-content\/uploads\/2025\/11\/1000024567-225x300.jpg 225w\" sizes=\"(max-width: 675px) 100vw, 675px\" \/><\/li>\n                <li style=\"display: none; width: 100%;\" class=\"slide-5396 ms-image\"><img width=\"900\" height=\"675\" src=\"http:\/\/www.oagvm.sk\/wpsk\/wp-content\/uploads\/2025\/11\/IMG_2543.jpg\" class=\"slider-5357 slide-5396\" alt=\"\" loading=\"lazy\" rel=\"\" title=\"IMG_2543\" srcset=\"http:\/\/www.oagvm.sk\/wpsk\/wp-content\/uploads\/2025\/11\/IMG_2543.jpg 900w, http:\/\/www.oagvm.sk\/wpsk\/wp-content\/uploads\/2025\/11\/IMG_2543-300x225.jpg 300w, http:\/\/www.oagvm.sk\/wpsk\/wp-content\/uploads\/2025\/11\/IMG_2543-768x576.jpg 768w\" sizes=\"(max-width: 900px) 100vw, 900px\" \/><\/li>\n                <li style=\"display: none; width: 100%;\" class=\"slide-5397 ms-image\"><img width=\"900\" height=\"675\" src=\"http:\/\/www.oagvm.sk\/wpsk\/wp-content\/uploads\/2025\/11\/IMG_8734-1.jpg\" class=\"slider-5357 slide-5397\" alt=\"\" loading=\"lazy\" rel=\"\" title=\"IMG_8734 (1)\" srcset=\"http:\/\/www.oagvm.sk\/wpsk\/wp-content\/uploads\/2025\/11\/IMG_8734-1.jpg 900w, http:\/\/www.oagvm.sk\/wpsk\/wp-content\/uploads\/2025\/11\/IMG_8734-1-300x225.jpg 300w, http:\/\/www.oagvm.sk\/wpsk\/wp-content\/uploads\/2025\/11\/IMG_8734-1-768x576.jpg 768w\" sizes=\"(max-width: 900px) 100vw, 900px\" \/><\/li>\n                <li style=\"display: none; width: 100%;\" class=\"slide-5398 ms-image\"><img width=\"675\" height=\"900\" src=\"http:\/\/www.oagvm.sk\/wpsk\/wp-content\/uploads\/2025\/11\/IMG_8786.jpg\" class=\"slider-5357 slide-5398\" alt=\"\" loading=\"lazy\" rel=\"\" title=\"IMG_8786\" srcset=\"http:\/\/www.oagvm.sk\/wpsk\/wp-content\/uploads\/2025\/11\/IMG_8786.jpg 675w, http:\/\/www.oagvm.sk\/wpsk\/wp-content\/uploads\/2025\/11\/IMG_8786-225x300.jpg 225w\" sizes=\"(max-width: 675px) 100vw, 675px\" \/><\/li>\n                <li style=\"display: none; width: 100%;\" class=\"slide-5399 ms-image\"><img width=\"675\" height=\"900\" src=\"http:\/\/www.oagvm.sk\/wpsk\/wp-content\/uploads\/2025\/11\/IMG_8793.jpg\" class=\"slider-5357 slide-5399\" alt=\"\" loading=\"lazy\" rel=\"\" title=\"IMG_8793\" srcset=\"http:\/\/www.oagvm.sk\/wpsk\/wp-content\/uploads\/2025\/11\/IMG_8793.jpg 675w, http:\/\/www.oagvm.sk\/wpsk\/wp-content\/uploads\/2025\/11\/IMG_8793-225x300.jpg 225w\" sizes=\"(max-width: 675px) 100vw, 675px\" \/><\/li>\n                <li style=\"display: none; width: 100%;\" class=\"slide-5400 ms-image\"><img width=\"675\" height=\"900\" src=\"http:\/\/www.oagvm.sk\/wpsk\/wp-content\/uploads\/2025\/11\/Messenger_creation_1406273971087294.jpg\" class=\"slider-5357 slide-5400\" alt=\"\" loading=\"lazy\" rel=\"\" title=\"Messenger_creation_1406273971087294\" srcset=\"http:\/\/www.oagvm.sk\/wpsk\/wp-content\/uploads\/2025\/11\/Messenger_creation_1406273971087294.jpg 675w, http:\/\/www.oagvm.sk\/wpsk\/wp-content\/uploads\/2025\/11\/Messenger_creation_1406273971087294-225x300.jpg 225w\" sizes=\"(max-width: 675px) 100vw, 675px\" \/><\/li>\n                <li style=\"display: none; width: 100%;\" class=\"slide-5401 ms-image\"><img width=\"675\" height=\"900\" src=\"http:\/\/www.oagvm.sk\/wpsk\/wp-content\/uploads\/2025\/11\/received_714581857597814.jpg\" class=\"slider-5357 slide-5401\" alt=\"\" loading=\"lazy\" rel=\"\" title=\"received_714581857597814\" srcset=\"http:\/\/www.oagvm.sk\/wpsk\/wp-content\/uploads\/2025\/11\/received_714581857597814.jpg 675w, http:\/\/www.oagvm.sk\/wpsk\/wp-content\/uploads\/2025\/11\/received_714581857597814-225x300.jpg 225w\" sizes=\"(max-width: 675px) 100vw, 675px\" \/><\/li>\n                <li style=\"display: none; width: 100%;\" class=\"slide-5402 ms-image\"><img width=\"675\" height=\"900\" src=\"http:\/\/www.oagvm.sk\/wpsk\/wp-content\/uploads\/2025\/11\/received_836957515336556.jpg\" class=\"slider-5357 slide-5402\" alt=\"\" loading=\"lazy\" rel=\"\" title=\"received_836957515336556\" srcset=\"http:\/\/www.oagvm.sk\/wpsk\/wp-content\/uploads\/2025\/11\/received_836957515336556.jpg 675w, http:\/\/www.oagvm.sk\/wpsk\/wp-content\/uploads\/2025\/11\/received_836957515336556-225x300.jpg 225w\" sizes=\"(max-width: 675px) 100vw, 675px\" \/><\/li>\n                <li style=\"display: none; width: 100%;\" class=\"slide-5403 ms-image\"><img width=\"675\" height=\"900\" src=\"http:\/\/www.oagvm.sk\/wpsk\/wp-content\/uploads\/2025\/11\/received_25645170681751820.jpg\" class=\"slider-5357 slide-5403\" alt=\"\" loading=\"lazy\" rel=\"\" title=\"received_25645170681751820\" srcset=\"http:\/\/www.oagvm.sk\/wpsk\/wp-content\/uploads\/2025\/11\/received_25645170681751820.jpg 675w, http:\/\/www.oagvm.sk\/wpsk\/wp-content\/uploads\/2025\/11\/received_25645170681751820-225x300.jpg 225w\" sizes=\"(max-width: 675px) 100vw, 675px\" \/><\/li>\n            <\/ul>\n        <\/div>\n        \n    <\/div>\n<\/div>\n","protected":false},"excerpt":{"rendered":"<p>Viede\u0148 &#8211; B\u00e9cs 11.okt\u00f3ber 2025 \u2013 24. okt\u00f3ber 2025 Projekt \u010d.&nbsp; 2025-1-SK01-KA121-VET-000318263 N\u00e1zov projektu:&nbsp;&nbsp; Odborn\u00e1 prax za hranicami Hat\u00e1ron t\u00fali szakmai gyakorlat &nbsp;Odborn\u00e1 prax vo Viedni Z\u00edska\u0165 pracovn\u00e9 sk\u00fasenosti v zahrani\u010d\u00ed a pritom sa vymani\u0165 z be\u017en\u00e9ho prostredia je pre stredo\u0161kol\u00e1ka ve\u013ekou v\u00fdzvou, no z\u00e1rove\u0148 aj v\u00fdnimo\u010dnou pr\u00edle\u017eitos\u0165ou na odborn\u00fd i osobnostn\u00fd rozvoj. \u017diaci Obchodnej &#8230; <a title=\"Erasmus+ Wien 2025 okt\u00f3ber\" class=\"read-more\" href=\"http:\/\/www.oagvm.sk\/wpsk\/?page_id=5404\">\u010c\u00edta\u0165 viac<span class=\"screen-reader-text\">Erasmus+ Wien 2025 okt\u00f3ber<\/span><\/a><\/p>\n","protected":false},"author":2,"featured_media":0,"parent":0,"menu_order":0,"comment_status":"closed","ping_status":"closed","template":"","meta":{"ngg_post_thumbnail":0},"_links":{"self":[{"href":"http:\/\/www.oagvm.sk\/wpsk\/index.php?rest_route=\/wp\/v2\/pages\/5404"}],"collection":[{"href":"http:\/\/www.oagvm.sk\/wpsk\/index.php?rest_route=\/wp\/v2\/pages"}],"about":[{"href":"http:\/\/www.oagvm.sk\/wpsk\/index.php?rest_route=\/wp\/v2\/types\/page"}],"author":[{"embeddable":true,"href":"http:\/\/www.oagvm.sk\/wpsk\/index.php?rest_route=\/wp\/v2\/users\/2"}],"replies":[{"embeddable":true,"href":"http:\/\/www.oagvm.sk\/wpsk\/index.php?rest_route=%2Fwp%2Fv2%2Fcomments&post=5404"}],"version-history":[{"count":3,"href":"http:\/\/www.oagvm.sk\/wpsk\/index.php?rest_route=\/wp\/v2\/pages\/5404\/revisions"}],"predecessor-version":[{"id":5407,"href":"http:\/\/www.oagvm.sk\/wpsk\/index.php?rest_route=\/wp\/v2\/pages\/5404\/revisions\/5407"}],"wp:attachment":[{"href":"http:\/\/www.oagvm.sk\/wpsk\/index.php?rest_route=%2Fwp%2Fv2%2Fmedia&parent=5404"}],"curies":[{"name":"wp","href":"https:\/\/api.w.org\/{rel}","templated":true}]}}